{"id":135,"date":"2024-01-02T08:21:08","date_gmt":"2024-01-02T08:21:08","guid":{"rendered":"https:\/\/devso-burkina.org\/?page_id=135"},"modified":"2024-01-04T03:19:50","modified_gmt":"2024-01-04T03:19:50","slug":"portfolio","status":"publish","type":"page","link":"https:\/\/devso-burkina.org\/?page_id=135","title":{"rendered":"Portfolio"},"content":{"rendered":"<p>[et_pb_section fb_built=\u00a0\u00bb1&Prime; admin_label=\u00a0\u00bbHeader\u00a0\u00bb _builder_version=\u00a0\u00bb4.23.4&Prime; _module_preset=\u00a0\u00bbdefault\u00a0\u00bb use_background_color_gradient=\u00a0\u00bbon\u00a0\u00bb background_color_gradient_stops=\u00a0\u00bbrgba(0,0,0,0.9) 100%|rgba(0,0,0,0.4) 100%\u00a0\u00bb background_color_gradient_overlays_image=\u00a0\u00bbon\u00a0\u00bb background_enable_image=\u00a0\u00bboff\u00a0\u00bb custom_padding=\u00a0\u00bb||5px|||\u00a0\u00bb collapsed=\u00a0\u00bbon\u00a0\u00bb global_colors_info=\u00a0\u00bb{}\u00a0\u00bb][et_pb_row _builder_version=\u00a0\u00bb4.19.0&Prime; _module_preset=\u00a0\u00bbdefault\u00a0\u00bb global_colors_info=\u00a0\u00bb{}\u00a0\u00bb][et_pb_column type=\u00a0\u00bb4_4&Prime; _builder_version=\u00a0\u00bb4.19.0&Prime; _module_preset=\u00a0\u00bbdefault\u00a0\u00bb global_colors_info=\u00a0\u00bb{}\u00a0\u00bb][et_pb_text _builder_version=\u00a0\u00bb4.19.0&Prime; _module_preset=\u00a0\u00bbfc84521d-a2c5-476d-b7f1-42fbe94755be\u00a0\u00bb text_orientation=\u00a0\u00bbcenter\u00a0\u00bb global_colors_info=\u00a0\u00bb{}\u00a0\u00bb]<\/p>\n<h1>Nos projets<\/h1>\n<p>[\/et_pb_text][\/et_pb_column][\/et_pb_row][\/et_pb_section][et_pb_section fb_built=\u00a0\u00bb1&Prime; admin_label=\u00a0\u00bbPortfolio\u00a0\u00bb _builder_version=\u00a0\u00bb4.19.2&Prime; _module_preset=\u00a0\u00bbdefault\u00a0\u00bb background_color=\u00a0\u00bb#171717&Prime; collapsed=\u00a0\u00bbon\u00a0\u00bb global_colors_info=\u00a0\u00bb{}\u00a0\u00bb][et_pb_row column_structure=\u00a0\u00bb1_3,1_3,1_3&Prime; custom_padding_last_edited=\u00a0\u00bbon|tablet\u00a0\u00bb _builder_version=\u00a0\u00bb4.23.4&Prime; _module_preset=\u00a0\u00bbdefault\u00a0\u00bb custom_padding_tablet=\u00a0\u00bb||0px||false|false\u00a0\u00bb custom_padding_phone=\u00a0\u00bb||0px||false|false\u00a0\u00bb hover_enabled=\u00a0\u00bb0&Prime; locked=\u00a0\u00bboff\u00a0\u00bb global_colors_info=\u00a0\u00bb{}\u00a0\u00bb sticky_enabled=\u00a0\u00bb0&Prime;][et_pb_column type=\u00a0\u00bb1_3&Prime; _builder_version=\u00a0\u00bb4.19.0&Prime; _module_preset=\u00a0\u00bbdefault\u00a0\u00bb custom_padding=\u00a0\u00bb|30px|30px|30px|false|true\u00a0\u00bb border_width_all=\u00a0\u00bb1px\u00a0\u00bb border_color_all=\u00a0\u00bb#3E3E3E\u00a0\u00bb global_colors_info=\u00a0\u00bb{}\u00a0\u00bb][et_pb_image src=\u00a0\u00bbhttps:\/\/devso-burkina.org\/wp-content\/uploads\/2024\/01\/projet-habitant.jpg\u00a0\u00bb title_text=\u00a0\u00bbprojet-habitant\u00a0\u00bb _builder_version=\u00a0\u00bb4.23.4&Prime; _module_preset=\u00a0\u00bbdefault\u00a0\u00bb custom_margin=\u00a0\u00bb|-30px||-30px|false|true\u00a0\u00bb global_colors_info=\u00a0\u00bb{}\u00a0\u00bb][\/et_pb_image][et_pb_text _builder_version=\u00a0\u00bb4.23.4&Prime; _module_preset=\u00a0\u00bb4ee745bd-5ee1-4827-b964-e35c0ca5b4a5&Prime; text_text_color=\u00a0\u00bb#FFFFFF\u00a0\u00bb text_font_size=\u00a0\u00bb20px\u00a0\u00bb header_text_color=\u00a0\u00bb#FFFFFF\u00a0\u00bb header_font_size=\u00a0\u00bb24px\u00a0\u00bb global_colors_info=\u00a0\u00bb{}\u00a0\u00bb]<\/p>\n<p>Renforcement de la r\u00e9silience des communaut\u00e9s de la fronti\u00e8re Mali-Burkina pour la pr\u00e9vention des conflits et une meilleure gestion des ressources naturelles<\/p>\n<p>[\/et_pb_text][et_pb_button button_url=\u00a0\u00bb@ET-DC@eyJkeW5hbWljIjp0cnVlLCJjb250ZW50IjoicG9zdF9saW5rX3VybF9wcm9qZWN0Iiwic2V0dGluZ3MiOnsicG9zdF9pZCI6IjExMSJ9fQ==@\u00a0\u00bb button_text=\u00a0\u00bbVoir le projet\u00a0\u00bb _builder_version=\u00a0\u00bb4.23.4&Prime; _dynamic_attributes=\u00a0\u00bbbutton_url\u00a0\u00bb _module_preset=\u00a0\u00bb4a932148-a51c-4c91-a49d-9bed1833e9ed\u00a0\u00bb global_colors_info=\u00a0\u00bb{}\u00a0\u00bb][\/et_pb_button][\/et_pb_column][et_pb_column type=\u00a0\u00bb1_3&Prime; _builder_version=\u00a0\u00bb4.19.0&Prime; _module_preset=\u00a0\u00bbdefault\u00a0\u00bb custom_padding=\u00a0\u00bb|30px|30px|30px|false|true\u00a0\u00bb border_width_all=\u00a0\u00bb1px\u00a0\u00bb border_color_all=\u00a0\u00bb#3E3E3E\u00a0\u00bb global_colors_info=\u00a0\u00bb{}\u00a0\u00bb][et_pb_image src=\u00a0\u00bbhttps:\/\/devso-burkina.org\/wp-content\/uploads\/2024\/01\/projet-habitant.jpg\u00a0\u00bb title_text=\u00a0\u00bbprojet-habitant\u00a0\u00bb _builder_version=\u00a0\u00bb4.23.4&Prime; _module_preset=\u00a0\u00bbdefault\u00a0\u00bb custom_margin=\u00a0\u00bb|-30px||-30px|false|true\u00a0\u00bb hover_enabled=\u00a0\u00bb0&Prime; global_colors_info=\u00a0\u00bb{}\u00a0\u00bb sticky_enabled=\u00a0\u00bb0&Prime;][\/et_pb_image][et_pb_text _builder_version=\u00a0\u00bb4.23.4&Prime; _module_preset=\u00a0\u00bb4ee745bd-5ee1-4827-b964-e35c0ca5b4a5&Prime; text_text_color=\u00a0\u00bb#FFFFFF\u00a0\u00bb text_font_size=\u00a0\u00bb20px\u00a0\u00bb header_text_color=\u00a0\u00bb#FFFFFF\u00a0\u00bb global_colors_info=\u00a0\u00bb{}\u00a0\u00bb]<\/p>\n<p>Promotion de l\u2019agroforesterie et de la R\u00e9g\u00e9n\u00e9ration Naturelle Assist\u00e9e pour l\u2019adaptation des communaut\u00e9s au changement climatique dans les provinces de Houet, du Ziro et de la Sissili<\/p>\n<p>[\/et_pb_text][et_pb_button button_url=\u00a0\u00bb@ET-DC@eyJkeW5hbWljIjp0cnVlLCJjb250ZW50IjoicG9zdF9saW5rX3VybF9wcm9qZWN0Iiwic2V0dGluZ3MiOnsicG9zdF9pZCI6IjEyNiJ9fQ==@\u00a0\u00bb button_text=\u00a0\u00bbVoir le projet\u00a0\u00bb _builder_version=\u00a0\u00bb4.23.4&Prime; _dynamic_attributes=\u00a0\u00bbbutton_url\u00a0\u00bb _module_preset=\u00a0\u00bb4a932148-a51c-4c91-a49d-9bed1833e9ed\u00a0\u00bb locked=\u00a0\u00bboff\u00a0\u00bb global_colors_info=\u00a0\u00bb{}\u00a0\u00bb][\/et_pb_button][\/et_pb_column][et_pb_column type=\u00a0\u00bb1_3&Prime; _builder_version=\u00a0\u00bb4.19.0&Prime; _module_preset=\u00a0\u00bbdefault\u00a0\u00bb custom_padding=\u00a0\u00bb|30px|30px|30px|false|true\u00a0\u00bb border_width_all=\u00a0\u00bb1px\u00a0\u00bb border_color_all=\u00a0\u00bb#3E3E3E\u00a0\u00bb global_colors_info=\u00a0\u00bb{}\u00a0\u00bb][et_pb_image src=\u00a0\u00bbhttps:\/\/devso-burkina.org\/wp-content\/uploads\/2024\/01\/projet-habitant.jpg\u00a0\u00bb title_text=\u00a0\u00bbprojet-habitant\u00a0\u00bb _builder_version=\u00a0\u00bb4.23.4&Prime; _module_preset=\u00a0\u00bbdefault\u00a0\u00bb custom_margin=\u00a0\u00bb|-30px||-30px|false|true\u00a0\u00bb hover_enabled=\u00a0\u00bb0&Prime; global_colors_info=\u00a0\u00bb{}\u00a0\u00bb sticky_enabled=\u00a0\u00bb0&Prime;][\/et_pb_image][et_pb_text _builder_version=\u00a0\u00bb4.23.4&Prime; _module_preset=\u00a0\u00bb4ee745bd-5ee1-4827-b964-e35c0ca5b4a5&Prime; text_text_color=\u00a0\u00bb#FFFFFF\u00a0\u00bb text_font_size=\u00a0\u00bb20px\u00a0\u00bb header_text_color=\u00a0\u00bb#FFFFFF\u00a0\u00bb global_colors_info=\u00a0\u00bb{}\u00a0\u00bb]<\/p>\n<p>R\u00e9cup\u00e9ration des terres d\u00e9grad\u00e9es et d\u2019augmentation de la productivit\u00e9 agro-sylvo-pastorale dans la zone d\u2019intervention de la Grande Muraille Verte au Burkina Faso<\/p>\n<p>[\/et_pb_text][et_pb_button button_url=\u00a0\u00bb@ET-DC@eyJkeW5hbWljIjp0cnVlLCJjb250ZW50IjoicG9zdF9saW5rX3VybF9wcm9qZWN0Iiwic2V0dGluZ3MiOnsicG9zdF9pZCI6IjIwMiJ9fQ==@\u00a0\u00bb button_text=\u00a0\u00bbVoir le projet\u00a0\u00bb _builder_version=\u00a0\u00bb4.23.4&Prime; _dynamic_attributes=\u00a0\u00bbbutton_url\u00a0\u00bb _module_preset=\u00a0\u00bb4a932148-a51c-4c91-a49d-9bed1833e9ed\u00a0\u00bb hover_enabled=\u00a0\u00bb0&Prime; locked=\u00a0\u00bboff\u00a0\u00bb global_colors_info=\u00a0\u00bb{}\u00a0\u00bb sticky_enabled=\u00a0\u00bb0&Prime;][\/et_pb_button][\/et_pb_column][\/et_pb_row][et_pb_row column_structure=\u00a0\u00bb1_3,1_3,1_3&Prime; custom_padding_last_edited=\u00a0\u00bbon|tablet\u00a0\u00bb _builder_version=\u00a0\u00bb4.23.4&Prime; _module_preset=\u00a0\u00bbdefault\u00a0\u00bb custom_padding_tablet=\u00a0\u00bb||0px||false|false\u00a0\u00bb custom_padding_phone=\u00a0\u00bb||0px||false|false\u00a0\u00bb hover_enabled=\u00a0\u00bb0&Prime; locked=\u00a0\u00bboff\u00a0\u00bb global_colors_info=\u00a0\u00bb{}\u00a0\u00bb sticky_enabled=\u00a0\u00bb0&Prime;][et_pb_column type=\u00a0\u00bb1_3&Prime; _builder_version=\u00a0\u00bb4.19.0&Prime; _module_preset=\u00a0\u00bbdefault\u00a0\u00bb custom_padding=\u00a0\u00bb|30px|30px|30px|false|true\u00a0\u00bb border_width_all=\u00a0\u00bb1px\u00a0\u00bb border_color_all=\u00a0\u00bb#3E3E3E\u00a0\u00bb global_colors_info=\u00a0\u00bb{}\u00a0\u00bb][et_pb_image src=\u00a0\u00bbhttps:\/\/devso-burkina.org\/wp-content\/uploads\/2024\/01\/projet-habitant.jpg\u00a0\u00bb title_text=\u00a0\u00bbprojet-habitant\u00a0\u00bb _builder_version=\u00a0\u00bb4.23.4&Prime; _module_preset=\u00a0\u00bbdefault\u00a0\u00bb custom_margin=\u00a0\u00bb|-30px||-30px|false|true\u00a0\u00bb global_colors_info=\u00a0\u00bb{}\u00a0\u00bb][\/et_pb_image][et_pb_text _builder_version=\u00a0\u00bb4.23.4&Prime; _module_preset=\u00a0\u00bb4ee745bd-5ee1-4827-b964-e35c0ca5b4a5&Prime; text_text_color=\u00a0\u00bb#FFFFFF\u00a0\u00bb text_font_size=\u00a0\u00bb20px\u00a0\u00bb header_text_color=\u00a0\u00bb#FFFFFF\u00a0\u00bb header_font_size=\u00a0\u00bb24px\u00a0\u00bb global_colors_info=\u00a0\u00bb{}\u00a0\u00bb]<\/p>\n<p>Programme d\u2019Appui aux Collectivit\u00e9s Territoriales (PACT) dans toutes les 27 communes de la r\u00e9gion de l\u2019Est<\/p>\n<p>[\/et_pb_text][et_pb_button button_url=\u00a0\u00bb@ET-DC@eyJkeW5hbWljIjp0cnVlLCJjb250ZW50IjoicG9zdF9saW5rX3VybF9wcm9qZWN0Iiwic2V0dGluZ3MiOnsicG9zdF9pZCI6IjIwNyJ9fQ==@\u00a0\u00bb button_text=\u00a0\u00bbVoir le projet\u00a0\u00bb _builder_version=\u00a0\u00bb4.23.4&Prime; _dynamic_attributes=\u00a0\u00bbbutton_url\u00a0\u00bb _module_preset=\u00a0\u00bb4a932148-a51c-4c91-a49d-9bed1833e9ed\u00a0\u00bb hover_enabled=\u00a0\u00bb0&Prime; global_colors_info=\u00a0\u00bb{}\u00a0\u00bb sticky_enabled=\u00a0\u00bb0&Prime;][\/et_pb_button][\/et_pb_column][et_pb_column type=\u00a0\u00bb1_3&Prime; _builder_version=\u00a0\u00bb4.19.0&Prime; _module_preset=\u00a0\u00bbdefault\u00a0\u00bb custom_padding=\u00a0\u00bb|30px|30px|30px|false|true\u00a0\u00bb border_width_all=\u00a0\u00bb1px\u00a0\u00bb border_color_all=\u00a0\u00bb#3E3E3E\u00a0\u00bb global_colors_info=\u00a0\u00bb{}\u00a0\u00bb][\/et_pb_column][et_pb_column type=\u00a0\u00bb1_3&Prime; _builder_version=\u00a0\u00bb4.23.4&Prime; _module_preset=\u00a0\u00bbdefault\u00a0\u00bb custom_padding=\u00a0\u00bb|30px|30px|30px|false|true\u00a0\u00bb hover_enabled=\u00a0\u00bb0&Prime; border_width_all=\u00a0\u00bb1px\u00a0\u00bb border_color_all=\u00a0\u00bb#3E3E3E\u00a0\u00bb global_colors_info=\u00a0\u00bb{}\u00a0\u00bb sticky_enabled=\u00a0\u00bb0&Prime;][\/et_pb_column][\/et_pb_row][\/et_pb_section][et_pb_section fb_built=\u00a0\u00bb1&Prime; admin_label=\u00a0\u00bbContact\u00a0\u00bb _builder_version=\u00a0\u00bb4.23.4&Prime; background_color=\u00a0\u00bb#FFFFFF\u00a0\u00bb custom_padding=\u00a0\u00bb59px|0px|100px|0px||\u00a0\u00bb hover_enabled=\u00a0\u00bb0&Prime; global_colors_info=\u00a0\u00bb{}\u00a0\u00bb height_last_edited=\u00a0\u00bbon|phone\u00a0\u00bb min_height_last_edited=\u00a0\u00bbon|phone\u00a0\u00bb max_height_last_edited=\u00a0\u00bbon|phone\u00a0\u00bb min_height_phone=\u00a0\u00bb607px\u00a0\u00bb height_phone=\u00a0\u00bb630px\u00a0\u00bb max_height_phone=\u00a0\u00bb630px\u00a0\u00bb sticky_enabled=\u00a0\u00bb0&Prime;][et_pb_row _builder_version=\u00a0\u00bb4.23.4&Prime; transform_scale=\u00a0\u00bb102%|102%\u00a0\u00bb transform_translate=\u00a0\u00bb214px|4px\u00a0\u00bb hover_enabled=\u00a0\u00bb0&Prime; global_colors_info=\u00a0\u00bb{}\u00a0\u00bb transform_styles_last_edited=\u00a0\u00bbon|phone\u00a0\u00bb transform_scale_last_edited=\u00a0\u00bbon|phone\u00a0\u00bb transform_translate_last_edited=\u00a0\u00bbon|phone\u00a0\u00bb transform_rotate_last_edited=\u00a0\u00bbon|phone\u00a0\u00bb transform_skew_last_edited=\u00a0\u00bbon|phone\u00a0\u00bb transform_origin_last_edited=\u00a0\u00bbon|phone\u00a0\u00bb transform_translate_phone=\u00a0\u00bb-2px|4px\u00a0\u00bb sticky_enabled=\u00a0\u00bb0&Prime; transform_scale_tablet=\u00a0\u00bb102%|102%\u00a0\u00bb transform_scale_phone=\u00a0\u00bb102%|102%\u00a0\u00bb transform_translate_tablet=\u00a0\u00bb214px|4px\u00a0\u00bb][et_pb_column type=\u00a0\u00bb4_4&Prime; _builder_version=\u00a0\u00bb4.16&Prime; custom_padding=\u00a0\u00bb|||\u00a0\u00bb global_colors_info=\u00a0\u00bb{}\u00a0\u00bb custom_padding__hover=\u00a0\u00bb|||\u00a0\u00bb][et_pb_text _builder_version=\u00a0\u00bb4.23.4&Prime; text_font=\u00a0\u00bbKarla||||||||\u00a0\u00bb text_text_color=\u00a0\u00bb#000000&Prime; text_font_size=\u00a0\u00bb18px\u00a0\u00bb text_line_height=\u00a0\u00bb1.8em\u00a0\u00bb header_font=\u00a0\u00bb||||||||\u00a0\u00bb header_2_font=\u00a0\u00bbCormorant Garamond||||||||\u00a0\u00bb header_2_font_size=\u00a0\u00bb40px\u00a0\u00bb header_2_line_height=\u00a0\u00bb1.4em\u00a0\u00bb header_3_font=\u00a0\u00bb||||||||\u00a0\u00bb max_width=\u00a0\u00bb600px\u00a0\u00bb custom_padding=\u00a0\u00bb||0px|||\u00a0\u00bb locked=\u00a0\u00bboff\u00a0\u00bb global_colors_info=\u00a0\u00bb{}\u00a0\u00bb]<\/p>\n<h2 style=\"text-align: center;\">B\u00e2tissons un monde meilleur!<\/h2>\n<p style=\"text-align: center;\">B\u00e2tissons ensemble un monde o\u00f9 la compassion est la norme, o\u00f9 personne n&rsquo;est laiss\u00e9 pour compte, et o\u00f9 chaque individu a l&rsquo;opportunit\u00e9 de r\u00e9aliser son plein potentiel.<\/p>\n<p style=\"text-align: center;\">Pour soutenir notre cause et participer \u00e0 cette aventure vers un monde meilleur, contactez nous.<\/p>\n<p>[\/et_pb_text][et_pb_button button_url=\u00a0\u00bb@ET-DC@eyJkeW5hbWljIjp0cnVlLCJjb250ZW50IjoicG9zdF9saW5rX3VybF9wYWdlIiwic2V0dGluZ3MiOnsicG9zdF9pZCI6IjM4In19@\u00a0\u00bb button_text=\u00a0\u00bbContact\u00a0\u00bb _builder_version=\u00a0\u00bb4.23.4&Prime; _dynamic_attributes=\u00a0\u00bbbutton_url\u00a0\u00bb _module_preset=\u00a0\u00bbdefault\u00a0\u00bb transform_translate=\u00a0\u00bb240px|0px\u00a0\u00bb animation_style=\u00a0\u00bbbounce\u00a0\u00bb hover_enabled=\u00a0\u00bb0&Prime; global_colors_info=\u00a0\u00bb{}\u00a0\u00bb transform_styles_last_edited=\u00a0\u00bbon|phone\u00a0\u00bb transform_scale_last_edited=\u00a0\u00bbon|phone\u00a0\u00bb transform_translate_last_edited=\u00a0\u00bbon|phone\u00a0\u00bb transform_rotate_last_edited=\u00a0\u00bbon|phone\u00a0\u00bb transform_skew_last_edited=\u00a0\u00bbon|phone\u00a0\u00bb transform_origin_last_edited=\u00a0\u00bbon|phone\u00a0\u00bb transform_translate_phone=\u00a0\u00bb99px|12px\u00a0\u00bb sticky_enabled=\u00a0\u00bb0&Prime; transform_translate_tablet=\u00a0\u00bb240px|0px\u00a0\u00bb][\/et_pb_button][\/et_pb_column][\/et_pb_row][\/et_pb_section]<\/p>\n","protected":false},"excerpt":{"rendered":"<p>Nos projetsRenforcement de la r\u00e9silience des communaut\u00e9s de la fronti\u00e8re Mali-Burkina pour la pr\u00e9vention des conflits et une meilleure gestion des ressources naturellesPromotion de l\u2019agroforesterie et de la R\u00e9g\u00e9n\u00e9ration Naturelle Assist\u00e9e pour l\u2019adaptation des communaut\u00e9s au changement climatique dans les provinces de Houet, du Ziro et de la SissiliR\u00e9cup\u00e9ration des terres d\u00e9grad\u00e9es et d\u2019augmentation de [&hellip;]<\/p>\n","protected":false},"author":1,"featured_media":0,"parent":0,"menu_order":0,"comment_status":"closed","ping_status":"closed","template":"","meta":{"_et_pb_use_builder":"on","_et_pb_old_content":"<!-- wp:visual-portfolio\/block {\"block_id\":\"a71a64d5\",\"content_source\":\"post-based\",\"posts_source\":\"current_query\",\"items_gap\":30,\"layout_elements\":{\"top\":{\"elements\":[\"filter\"],\"align\":\"center\"},\"items\":{\"elements\":[\"items\"]},\"bottom\":{\"elements\":[\"pagination\"],\"align\":\"center\"}},\"pagination\":\"paged\"} \/-->","_et_gb_content_width":"","footnotes":""},"class_list":["post-135","page","type-page","status-publish","hentry"],"_links":{"self":[{"href":"https:\/\/devso-burkina.org\/index.php?rest_route=\/wp\/v2\/pages\/135","targetHints":{"allow":["GET"]}}],"collection":[{"href":"https:\/\/devso-burkina.org\/index.php?rest_route=\/wp\/v2\/pages"}],"about":[{"href":"https:\/\/devso-burkina.org\/index.php?rest_route=\/wp\/v2\/types\/page"}],"author":[{"embeddable":true,"href":"https:\/\/devso-burkina.org\/index.php?rest_route=\/wp\/v2\/users\/1"}],"replies":[{"embeddable":true,"href":"https:\/\/devso-burkina.org\/index.php?rest_route=%2Fwp%2Fv2%2Fcomments&post=135"}],"version-history":[{"count":5,"href":"https:\/\/devso-burkina.org\/index.php?rest_route=\/wp\/v2\/pages\/135\/revisions"}],"predecessor-version":[{"id":212,"href":"https:\/\/devso-burkina.org\/index.php?rest_route=\/wp\/v2\/pages\/135\/revisions\/212"}],"wp:attachment":[{"href":"https:\/\/devso-burkina.org\/index.php?rest_route=%2Fwp%2Fv2%2Fmedia&parent=135"}],"curies":[{"name":"wp","href":"https:\/\/api.w.org\/{rel}","templated":true}]}}