{"id":93,"date":"2024-01-01T01:03:59","date_gmt":"2024-01-01T01:03:59","guid":{"rendered":"https:\/\/devso-burkina.org\/?page_id=93"},"modified":"2024-01-03T06:05:41","modified_gmt":"2024-01-03T06:05:41","slug":"93-2","status":"publish","type":"page","link":"https:\/\/devso-burkina.org\/?page_id=93","title":{"rendered":"A propos"},"content":{"rendered":"<p>[et_pb_section fb_built=\u00a0\u00bb1&Prime; admin_label=\u00a0\u00bbHero Section\u00a0\u00bb _builder_version=\u00a0\u00bb4.23.4&Prime; min_height=\u00a0\u00bb442px\u00a0\u00bb height=\u00a0\u00bb432px\u00a0\u00bb max_height=\u00a0\u00bb410px\u00a0\u00bb custom_padding=\u00a0\u00bb0|0px|0px|0px\u00a0\u00bb global_colors_info=\u00a0\u00bb{}\u00a0\u00bb][et_pb_row column_structure=\u00a0\u00bb1_2,1_2&Prime; use_custom_gutter=\u00a0\u00bbon\u00a0\u00bb make_equal=\u00a0\u00bbon\u00a0\u00bb _builder_version=\u00a0\u00bb4.23.4&Prime; width=\u00a0\u00bb100%\u00a0\u00bb max_width=\u00a0\u00bb100%\u00a0\u00bb min_height=\u00a0\u00bb440px\u00a0\u00bb custom_margin=\u00a0\u00bb-57px|auto|-157px|auto|false|false\u00a0\u00bb custom_padding=\u00a0\u00bb0px|0|0px|||\u00a0\u00bb hover_enabled=\u00a0\u00bb0&Prime; use_custom_width=\u00a0\u00bbon\u00a0\u00bb width_unit=\u00a0\u00bboff\u00a0\u00bb custom_width_percent=\u00a0\u00bb100%\u00a0\u00bb global_colors_info=\u00a0\u00bb{}\u00a0\u00bb sticky_enabled=\u00a0\u00bb0&Prime;][et_pb_column type=\u00a0\u00bb1_2&Prime; _builder_version=\u00a0\u00bb4.23.4&Prime; custom_padding=\u00a0\u00bb117px|0%|200px|18%|false|false\u00a0\u00bb custom_padding_tablet=\u00a0\u00bb60px|10%|60px|10%\u00a0\u00bb custom_padding_phone=\u00a0\u00bb60px|10%|60px|10%\u00a0\u00bb custom_padding_last_edited=\u00a0\u00bbon|tablet\u00a0\u00bb global_colors_info=\u00a0\u00bb{}\u00a0\u00bb padding_tablet=\u00a0\u00bb60px|10%|60px|10%\u00a0\u00bb padding_last_edited=\u00a0\u00bbon|tablet\u00a0\u00bb custom_padding__hover=\u00a0\u00bb|||\u00a0\u00bb padding_phone=\u00a0\u00bb60px|10%|60px|10%\u00a0\u00bb][et_pb_text _builder_version=\u00a0\u00bb4.23.4&Prime; text_font=\u00a0\u00bbKarla||||||||\u00a0\u00bb text_text_color=\u00a0\u00bb#000000&Prime; text_font_size=\u00a0\u00bb18px\u00a0\u00bb text_line_height=\u00a0\u00bb1.8em\u00a0\u00bb header_font=\u00a0\u00bbCormorant Garamond||||||||\u00a0\u00bb header_font_size=\u00a0\u00bb56px\u00a0\u00bb header_line_height=\u00a0\u00bb1.4em\u00a0\u00bb header_2_font=\u00a0\u00bb||||||||\u00a0\u00bb header_3_font=\u00a0\u00bb||||||||\u00a0\u00bb max_width=\u00a0\u00bb600px\u00a0\u00bb header_font_size_tablet=\u00a0\u00bb40px\u00a0\u00bb header_font_size_phone=\u00a0\u00bb\u00a0\u00bb header_font_size_last_edited=\u00a0\u00bbon|tablet\u00a0\u00bb locked=\u00a0\u00bboff\u00a0\u00bb global_colors_info=\u00a0\u00bb{}\u00a0\u00bb]<\/p>\n<h1>Notre vision<\/h1>\n<p>Avoir une soci\u00e9t\u00e9 o\u00f9 toutes les femmes et tous les hommes sans aucune distinction jouissent de la libert\u00e9 pour poursuivre leur propre d\u00e9veloppement durable<\/p>\n<p>[\/et_pb_text][\/et_pb_column][et_pb_column type=\u00a0\u00bb1_2&Prime; _builder_version=\u00a0\u00bb4.23.4&Prime; background_color=\u00a0\u00bb#121212&Prime; background_image=\u00a0\u00bbhttps:\/\/devso-burkina.org\/wp-content\/uploads\/2023\/12\/403164993_360401023162749_623859360402053975_n.jpg\u00a0\u00bb transform_scale=\u00a0\u00bb90%|90%\u00a0\u00bb transform_translate=\u00a0\u00bb54px|-18px\u00a0\u00bb custom_padding=\u00a0\u00bb100px||100px|\u00a0\u00bb custom_padding_tablet=\u00a0\u00bb60px||60px|\u00a0\u00bb custom_padding_phone=\u00a0\u00bb60px||60px|\u00a0\u00bb custom_padding_last_edited=\u00a0\u00bbon|desktop\u00a0\u00bb hover_enabled=\u00a0\u00bb0&Prime; global_colors_info=\u00a0\u00bb{}\u00a0\u00bb padding_tablet=\u00a0\u00bb60px||60px|\u00a0\u00bb padding_last_edited=\u00a0\u00bbon|desktop\u00a0\u00bb custom_padding__hover=\u00a0\u00bb|||\u00a0\u00bb padding_phone=\u00a0\u00bb60px||60px|\u00a0\u00bb transform_styles_last_edited=\u00a0\u00bbon|phone\u00a0\u00bb transform_scale_last_edited=\u00a0\u00bbon|phone\u00a0\u00bb transform_translate_last_edited=\u00a0\u00bbon|phone\u00a0\u00bb transform_rotate_last_edited=\u00a0\u00bbon|phone\u00a0\u00bb transform_skew_last_edited=\u00a0\u00bbon|phone\u00a0\u00bb transform_origin_last_edited=\u00a0\u00bbon|phone\u00a0\u00bb transform_scale_phone=\u00a0\u00bb112%|112%\u00a0\u00bb transform_translate_phone=\u00a0\u00bb3px|-41px\u00a0\u00bb sticky_enabled=\u00a0\u00bb0&Prime; background_last_edited=\u00a0\u00bbon|phone\u00a0\u00bb box_shadow_style=\u00a0\u00bbpreset2&Prime; overflow-x_last_edited=\u00a0\u00bbon|phone\u00a0\u00bb transform_scale_tablet=\u00a0\u00bb90%|90%\u00a0\u00bb transform_translate_tablet=\u00a0\u00bb54px|-18px\u00a0\u00bb][\/et_pb_column][\/et_pb_row][\/et_pb_section][et_pb_section fb_built=\u00a0\u00bb1&Prime; admin_label=\u00a0\u00bbAbout\u00a0\u00bb _builder_version=\u00a0\u00bb4.23.4&Prime; background_color=\u00a0\u00bbgcid-0c3063d8-00a4-411f-9513-4deb352cee42&Prime; custom_padding=\u00a0\u00bb30px|0px|23px|0px||\u00a0\u00bb global_colors_info=\u00a0\u00bb{%22gcid-0c3063d8-00a4-411f-9513-4deb352cee42%22:%91%22background_color%22%93}\u00a0\u00bb][et_pb_row column_structure=\u00a0\u00bb2_5,3_5&Prime; _builder_version=\u00a0\u00bb4.23.4&Prime; custom_margin=\u00a0\u00bb||50px|\u00a0\u00bb animation_style=\u00a0\u00bbzoom\u00a0\u00bb animation_duration=\u00a0\u00bb1150ms\u00a0\u00bb animation_delay=\u00a0\u00bb350ms\u00a0\u00bb global_colors_info=\u00a0\u00bb{}\u00a0\u00bb][et_pb_column type=\u00a0\u00bb2_5&Prime; _builder_version=\u00a0\u00bb4.16&Prime; custom_padding=\u00a0\u00bb|||\u00a0\u00bb global_colors_info=\u00a0\u00bb{}\u00a0\u00bb custom_padding__hover=\u00a0\u00bb|||\u00a0\u00bb][et_pb_text _builder_version=\u00a0\u00bb4.23.4&Prime; text_font=\u00a0\u00bbKarla||||||||\u00a0\u00bb text_text_color=\u00a0\u00bb#FFFFFF\u00a0\u00bb text_font_size=\u00a0\u00bb18px\u00a0\u00bb text_line_height=\u00a0\u00bb1.8em\u00a0\u00bb header_font=\u00a0\u00bbCormorant Garamond||||||||\u00a0\u00bb header_font_size=\u00a0\u00bb56px\u00a0\u00bb header_line_height=\u00a0\u00bb1.4em\u00a0\u00bb header_2_font=\u00a0\u00bb||||||||\u00a0\u00bb header_3_font=\u00a0\u00bb||||||||\u00a0\u00bb background_layout=\u00a0\u00bbdark\u00a0\u00bb max_width=\u00a0\u00bb600px\u00a0\u00bb header_font_size_tablet=\u00a0\u00bb40px\u00a0\u00bb header_font_size_phone=\u00a0\u00bb\u00a0\u00bb header_font_size_last_edited=\u00a0\u00bbon|tablet\u00a0\u00bb locked=\u00a0\u00bboff\u00a0\u00bb global_colors_info=\u00a0\u00bb{}\u00a0\u00bb]<\/p>\n<h1>Notre objectif<\/h1>\n<p>Soutenir les populations rurales \u00e0 renforcer leur r\u00e9silience \u00e0 travers l\u2019appui\/accompagnement de projets de d\u00e9veloppement durable<\/p>\n<p>[\/et_pb_text][\/et_pb_column][et_pb_column type=\u00a0\u00bb3_5&Prime; _builder_version=\u00a0\u00bb4.16&Prime; custom_padding=\u00a0\u00bb|||\u00a0\u00bb global_colors_info=\u00a0\u00bb{}\u00a0\u00bb custom_padding__hover=\u00a0\u00bb|||\u00a0\u00bb][et_pb_text _builder_version=\u00a0\u00bb4.23.4&Prime; text_font=\u00a0\u00bbCormorant Garamond||||||||\u00a0\u00bb text_text_color=\u00a0\u00bb#ffffff\u00a0\u00bb text_font_size=\u00a0\u00bb26px\u00a0\u00bb text_line_height=\u00a0\u00bb1.8em\u00a0\u00bb header_font=\u00a0\u00bb||||||||\u00a0\u00bb header_4_font=\u00a0\u00bbKarla|700||on|||||\u00a0\u00bb header_4_text_color=\u00a0\u00bbrgba(255,255,255,0.4)\u00a0\u00bb header_4_font_size=\u00a0\u00bb13px\u00a0\u00bb header_4_letter_spacing=\u00a0\u00bb2px\u00a0\u00bb header_4_line_height=\u00a0\u00bb1.8em\u00a0\u00bb background_layout=\u00a0\u00bbdark\u00a0\u00bb custom_padding=\u00a0\u00bb||0px|||\u00a0\u00bb global_colors_info=\u00a0\u00bb{}\u00a0\u00bb]<\/p>\n<p><strong>Statuts juridiques<\/strong><\/p>\n<p>[\/et_pb_text][et_pb_text _builder_version=\u00a0\u00bb4.23.4&Prime; text_font=\u00a0\u00bbKarla||||||||\u00a0\u00bb text_text_color=\u00a0\u00bb#FFFFFF\u00a0\u00bb text_font_size=\u00a0\u00bb18px\u00a0\u00bb text_line_height=\u00a0\u00bb1.8em\u00a0\u00bb global_colors_info=\u00a0\u00bb{}\u00a0\u00bb]<\/p>\n<p>DevSo est une association de droit burkinab\u00e8 cr\u00e9\u00e9e en 2009 qui a pour objectif de soutenir les populations rurales \u00e0 renforcer leur r\u00e9silience \u00e0 travers l\u2019appui\/accompagnement de projets de d\u00e9veloppement durable. L\u2019Association D\u00e9veloppement Solidaire Durable est reconnue sous le r\u00e9c\u00e9piss\u00e9 n\u00b0 2010\/752\/MATD\/DGLPAP\/DOASOC du 24\/12\/2010. Sa derni\u00e8re reconnaissance porte le n\u00b0 N0000968401 de la loi 064-2015\/CNT du 20\/10\/2015 portant libert\u00e9 d\u2019association et intervient sur le territoire national.<\/p>\n<p>Le si\u00e8ge National de DEVSO est situ\u00e9 \u00e0 Ouagadougou au 1200 logements en face du mur de l\u2019h\u00f4pital Saint Camille.<\/p>\n<p>[\/et_pb_text][\/et_pb_column][\/et_pb_row][et_pb_row column_structure=\u00a0\u00bb1_3,1_3,1_3&Prime; _builder_version=\u00a0\u00bb4.23.4&Prime; background_color=\u00a0\u00bb#000000&Prime; custom_padding=\u00a0\u00bb50px|40px|50px|40px\u00a0\u00bb animation_style=\u00a0\u00bbslide\u00a0\u00bb animation_direction=\u00a0\u00bbleft\u00a0\u00bb global_colors_info=\u00a0\u00bb{}\u00a0\u00bb][et_pb_column type=\u00a0\u00bb1_3&Prime; _builder_version=\u00a0\u00bb4.23.4&Prime; background_color=\u00a0\u00bbRGBA(255,255,255,0)\u00a0\u00bb custom_padding=\u00a0\u00bb|||\u00a0\u00bb global_colors_info=\u00a0\u00bb{}\u00a0\u00bb custom_padding__hover=\u00a0\u00bb|||\u00a0\u00bb][et_pb_number_counter title=\u00a0\u00bbProjets r\u00e9alis\u00e9s\u00a0\u00bb number=\u00a0\u00bb+50&Prime; percent_sign=\u00a0\u00bboff\u00a0\u00bb _builder_version=\u00a0\u00bb4.23.4&Prime; title_font=\u00a0\u00bbKarla|700||on|||||\u00a0\u00bb title_text_color=\u00a0\u00bbrgba(255,255,255,0.4)\u00a0\u00bb title_font_size=\u00a0\u00bb14px\u00a0\u00bb title_letter_spacing=\u00a0\u00bb1px\u00a0\u00bb number_font=\u00a0\u00bbKarla||||||||\u00a0\u00bb number_text_color=\u00a0\u00bb#ffffff\u00a0\u00bb number_font_size=\u00a0\u00bb56px\u00a0\u00bb background_layout=\u00a0\u00bbdark\u00a0\u00bb global_colors_info=\u00a0\u00bb{}\u00a0\u00bb][\/et_pb_number_counter][\/et_pb_column][et_pb_column type=\u00a0\u00bb1_3&Prime; _builder_version=\u00a0\u00bb4.16&Prime; custom_padding=\u00a0\u00bb|||\u00a0\u00bb global_colors_info=\u00a0\u00bb{}\u00a0\u00bb custom_padding__hover=\u00a0\u00bb|||\u00a0\u00bb][et_pb_number_counter title=\u00a0\u00bbPartenaires\u00a0\u00bb number=\u00a0\u00bb+25&Prime; percent_sign=\u00a0\u00bboff\u00a0\u00bb _builder_version=\u00a0\u00bb4.23.4&Prime; title_font=\u00a0\u00bbKarla|700||on|||||\u00a0\u00bb title_text_color=\u00a0\u00bbrgba(255,255,255,0.4)\u00a0\u00bb title_font_size=\u00a0\u00bb14px\u00a0\u00bb title_letter_spacing=\u00a0\u00bb1px\u00a0\u00bb number_font=\u00a0\u00bbKarla||||||||\u00a0\u00bb number_text_color=\u00a0\u00bb#ffffff\u00a0\u00bb number_font_size=\u00a0\u00bb56px\u00a0\u00bb background_layout=\u00a0\u00bbdark\u00a0\u00bb global_colors_info=\u00a0\u00bb{}\u00a0\u00bb][\/et_pb_number_counter][\/et_pb_column][et_pb_column type=\u00a0\u00bb1_3&Prime; _builder_version=\u00a0\u00bb4.16&Prime; custom_padding=\u00a0\u00bb|||\u00a0\u00bb global_colors_info=\u00a0\u00bb{}\u00a0\u00bb custom_padding__hover=\u00a0\u00bb|||\u00a0\u00bb][et_pb_number_counter title=\u00a0\u00bbRepr\u00e9sentations sur le territoire\u00a0\u00bb number=\u00a0\u00bb7&Prime; percent_sign=\u00a0\u00bboff\u00a0\u00bb _builder_version=\u00a0\u00bb4.23.4&Prime; title_font=\u00a0\u00bbKarla|700||on|||||\u00a0\u00bb title_text_color=\u00a0\u00bbrgba(255,255,255,0.4)\u00a0\u00bb title_font_size=\u00a0\u00bb14px\u00a0\u00bb title_letter_spacing=\u00a0\u00bb1px\u00a0\u00bb number_font=\u00a0\u00bbKarla||||||||\u00a0\u00bb number_text_color=\u00a0\u00bb#ffffff\u00a0\u00bb number_font_size=\u00a0\u00bb56px\u00a0\u00bb background_layout=\u00a0\u00bbdark\u00a0\u00bb global_colors_info=\u00a0\u00bb{}\u00a0\u00bb][\/et_pb_number_counter][\/et_pb_column][\/et_pb_row][\/et_pb_section][et_pb_section fb_built=\u00a0\u00bb1&Prime; admin_label=\u00a0\u00bbAbout\u00a0\u00bb _builder_version=\u00a0\u00bb4.23.4&Prime; background_color=\u00a0\u00bb#FFFFFF\u00a0\u00bb custom_padding=\u00a0\u00bb30px|0px|0px|0px||\u00a0\u00bb global_colors_info=\u00a0\u00bb{}\u00a0\u00bb][et_pb_row _builder_version=\u00a0\u00bb4.23.4&Prime; custom_margin=\u00a0\u00bb||50px|\u00a0\u00bb animation_style=\u00a0\u00bbzoom\u00a0\u00bb animation_duration=\u00a0\u00bb1150ms\u00a0\u00bb animation_delay=\u00a0\u00bb350ms\u00a0\u00bb global_colors_info=\u00a0\u00bb{}\u00a0\u00bb][et_pb_column type=\u00a0\u00bb4_4&Prime; _builder_version=\u00a0\u00bb4.16&Prime; custom_padding=\u00a0\u00bb|||\u00a0\u00bb global_colors_info=\u00a0\u00bb{}\u00a0\u00bb custom_padding__hover=\u00a0\u00bb|||\u00a0\u00bb][et_pb_text _builder_version=\u00a0\u00bb4.23.4&Prime; text_font=\u00a0\u00bbCormorant Garamond||||||||\u00a0\u00bb text_text_color=\u00a0\u00bb#000000&Prime; text_font_size=\u00a0\u00bb31px\u00a0\u00bb text_line_height=\u00a0\u00bb1.8em\u00a0\u00bb header_font=\u00a0\u00bb||||||||\u00a0\u00bb header_4_font=\u00a0\u00bbKarla|700||on|||||\u00a0\u00bb header_4_text_color=\u00a0\u00bbrgba(255,255,255,0.4)\u00a0\u00bb header_4_font_size=\u00a0\u00bb13px\u00a0\u00bb header_4_letter_spacing=\u00a0\u00bb2px\u00a0\u00bb header_4_line_height=\u00a0\u00bb1.8em\u00a0\u00bb background_layout=\u00a0\u00bbdark\u00a0\u00bb custom_padding=\u00a0\u00bb||0px|||\u00a0\u00bb global_colors_info=\u00a0\u00bb{}\u00a0\u00bb]<\/p>\n<p><strong>Notre mission<\/strong><\/p>\n<p>[\/et_pb_text][et_pb_text _builder_version=\u00a0\u00bb4.23.4&Prime; text_font=\u00a0\u00bbKarla||||||||\u00a0\u00bb text_text_color=\u00a0\u00bb#000000&Prime; text_font_size=\u00a0\u00bb18px\u00a0\u00bb text_line_height=\u00a0\u00bb1.8em\u00a0\u00bb global_colors_info=\u00a0\u00bb{}\u00a0\u00bb]<\/p>\n<p>La mission de DevSo est de \u00ab promouvoir la participation et assurer son int\u00e9gration qualitative dans les actions de d\u00e9veloppement \u00bb par:<\/p>\n<ul>\n<li>La sensibilisation et la promotion de la solidarit\u00e9 ;<\/li>\n<li>Le renforcement des capacit\u00e9s des populations ;<\/li>\n<li>Le d\u00e9veloppement des projets en direction des populations vuln\u00e9rables.<\/li>\n<\/ul>\n<p>[\/et_pb_text][\/et_pb_column][\/et_pb_row][\/et_pb_section][et_pb_section fb_built=\u00a0\u00bb1&Prime; admin_label=\u00a0\u00bbServices\u00a0\u00bb _builder_version=\u00a0\u00bb4.16&Prime; background_color=\u00a0\u00bb#121212&Prime; custom_padding=\u00a0\u00bb29px|0px|8px|0px||\u00a0\u00bb global_colors_info=\u00a0\u00bb{}\u00a0\u00bb][et_pb_row _builder_version=\u00a0\u00bb4.16&Prime; custom_margin=\u00a0\u00bb|||\u00a0\u00bb custom_padding=\u00a0\u00bb27px|0px|0|0px\u00a0\u00bb border_color_all=\u00a0\u00bb#1a1a1a\u00a0\u00bb global_colors_info=\u00a0\u00bb{}\u00a0\u00bb][et_pb_column type=\u00a0\u00bb4_4&Prime; _builder_version=\u00a0\u00bb4.16&Prime; custom_padding=\u00a0\u00bb|||\u00a0\u00bb global_colors_info=\u00a0\u00bb{}\u00a0\u00bb custom_padding__hover=\u00a0\u00bb|||\u00a0\u00bb][et_pb_text _builder_version=\u00a0\u00bb4.23.4&Prime; text_font=\u00a0\u00bb||||||||\u00a0\u00bb text_text_color=\u00a0\u00bb#FFFFFF\u00a0\u00bb header_font=\u00a0\u00bb||||||||\u00a0\u00bb header_text_align=\u00a0\u00bbcenter\u00a0\u00bb header_text_color=\u00a0\u00bb#FFFFFF\u00a0\u00bb header_3_font=\u00a0\u00bbKarla|700||on|||||\u00a0\u00bb header_3_text_align=\u00a0\u00bbleft\u00a0\u00bb header_3_text_color=\u00a0\u00bb#FFFFFF\u00a0\u00bb header_3_font_size=\u00a0\u00bb25px\u00a0\u00bb header_3_letter_spacing=\u00a0\u00bb1px\u00a0\u00bb transform_translate=\u00a0\u00bb218px|-19px\u00a0\u00bb background_layout=\u00a0\u00bbdark\u00a0\u00bb max_width=\u00a0\u00bb600px\u00a0\u00bb module_alignment=\u00a0\u00bbleft\u00a0\u00bb custom_margin=\u00a0\u00bb||25px||false|false\u00a0\u00bb hover_enabled=\u00a0\u00bb0&Prime; locked=\u00a0\u00bboff\u00a0\u00bb global_colors_info=\u00a0\u00bb{}\u00a0\u00bb transform_styles_last_edited=\u00a0\u00bbon|phone\u00a0\u00bb transform_scale_last_edited=\u00a0\u00bbon|phone\u00a0\u00bb transform_translate_last_edited=\u00a0\u00bbon|phone\u00a0\u00bb transform_rotate_last_edited=\u00a0\u00bbon|phone\u00a0\u00bb transform_skew_last_edited=\u00a0\u00bbon|phone\u00a0\u00bb transform_origin_last_edited=\u00a0\u00bbon|phone\u00a0\u00bb transform_translate_phone=\u00a0\u00bb9px|-23px\u00a0\u00bb sticky_enabled=\u00a0\u00bb0&Prime; transform_translate_tablet=\u00a0\u00bb218px|-19px\u00a0\u00bb]<\/p>\n<h3 style=\"text-align: center;\">Nos domaines de comp\u00e9tences<\/h3>\n<p>[\/et_pb_text][\/et_pb_column][\/et_pb_row][et_pb_row column_structure=\u00a0\u00bb1_3,1_3,1_3&Prime; make_equal=\u00a0\u00bbon\u00a0\u00bb _builder_version=\u00a0\u00bb4.23.4&Prime; max_width=\u00a0\u00bb1351px\u00a0\u00bb module_alignment=\u00a0\u00bbcenter\u00a0\u00bb custom_margin=\u00a0\u00bb|232px||auto||\u00a0\u00bb custom_padding=\u00a0\u00bb22px|0|5px|0px||\u00a0\u00bb animation_style=\u00a0\u00bbslide\u00a0\u00bb animation_direction=\u00a0\u00bbbottom\u00a0\u00bb animation_intensity_slide=\u00a0\u00bb6%\u00a0\u00bb global_colors_info=\u00a0\u00bb{}\u00a0\u00bb][et_pb_column type=\u00a0\u00bb1_3&Prime; _builder_version=\u00a0\u00bb4.16&Prime; custom_padding=\u00a0\u00bb|||\u00a0\u00bb global_colors_info=\u00a0\u00bb{}\u00a0\u00bb custom_padding__hover=\u00a0\u00bb|||\u00a0\u00bb][et_pb_blurb title=\u00a0\u00bbAgriculture\u00a0\u00bb image_icon_width=\u00a0\u00bb75px\u00a0\u00bb content_max_width=\u00a0\u00bb100%\u00a0\u00bb _builder_version=\u00a0\u00bb4.23.4&Prime; header_font=\u00a0\u00bbCormorant Garamond||||||||\u00a0\u00bb header_font_size=\u00a0\u00bb24px\u00a0\u00bb header_line_height=\u00a0\u00bb1.8em\u00a0\u00bb body_font=\u00a0\u00bbKarla||||||||\u00a0\u00bb body_text_color=\u00a0\u00bbrgba(255,255,255,0.7)\u00a0\u00bb body_font_size=\u00a0\u00bb16px\u00a0\u00bb body_line_height=\u00a0\u00bb1.8em\u00a0\u00bb text_orientation=\u00a0\u00bbcenter\u00a0\u00bb background_layout=\u00a0\u00bbdark\u00a0\u00bb custom_margin=\u00a0\u00bb|||\u00a0\u00bb image_max_width=\u00a0\u00bb75px\u00a0\u00bb global_colors_info=\u00a0\u00bb{}\u00a0\u00bb]<\/p>\n<p>S\u00e9curit\u00e9 alimentaire, r\u00e9silience, agriculture favorable au climat, gestion des ressources naturelles, appui aux structures du monde rural.<\/p>\n<p>[\/et_pb_blurb][\/et_pb_column][et_pb_column type=\u00a0\u00bb1_3&Prime; _builder_version=\u00a0\u00bb4.16&Prime; custom_padding=\u00a0\u00bb|||\u00a0\u00bb global_colors_info=\u00a0\u00bb{}\u00a0\u00bb custom_padding__hover=\u00a0\u00bb|||\u00a0\u00bb][et_pb_blurb title=\u00a0\u00bbEau, Hygi\u00e8ne et Assainissement \u00a0\u00bb image_icon_width=\u00a0\u00bb75px\u00a0\u00bb content_max_width=\u00a0\u00bb100%\u00a0\u00bb _builder_version=\u00a0\u00bb4.23.4&Prime; header_font=\u00a0\u00bbCormorant Garamond||||||||\u00a0\u00bb header_font_size=\u00a0\u00bb24px\u00a0\u00bb header_line_height=\u00a0\u00bb1.8em\u00a0\u00bb body_font=\u00a0\u00bbKarla||||||||\u00a0\u00bb body_text_color=\u00a0\u00bbrgba(255,255,255,0.7)\u00a0\u00bb body_font_size=\u00a0\u00bb16px\u00a0\u00bb body_line_height=\u00a0\u00bb1.8em\u00a0\u00bb text_orientation=\u00a0\u00bbcenter\u00a0\u00bb background_layout=\u00a0\u00bbdark\u00a0\u00bb custom_margin=\u00a0\u00bb|||\u00a0\u00bb image_max_width=\u00a0\u00bb75px\u00a0\u00bb global_colors_info=\u00a0\u00bb{}\u00a0\u00bb]<\/p>\n<p>Appui \u00e0 la maitrise d\u2019ouvrage, Assainissement Total Pilot\u00e9 par la Communaut\u00e9, WASH en milieu scolaire, promotion des boutiques d\u2019assainissement.<\/p>\n<p>[\/et_pb_blurb][\/et_pb_column][et_pb_column type=\u00a0\u00bb1_3&Prime; _builder_version=\u00a0\u00bb4.16&Prime; custom_padding=\u00a0\u00bb|||\u00a0\u00bb global_colors_info=\u00a0\u00bb{}\u00a0\u00bb custom_padding__hover=\u00a0\u00bb|||\u00a0\u00bb][et_pb_blurb title=\u00a0\u00bbGouvernance locale et inclusive \u00a0\u00bb image_icon_width=\u00a0\u00bb75px\u00a0\u00bb content_max_width=\u00a0\u00bb100%\u00a0\u00bb _builder_version=\u00a0\u00bb4.23.4&Prime; header_font=\u00a0\u00bbCormorant Garamond||||||||\u00a0\u00bb header_font_size=\u00a0\u00bb24px\u00a0\u00bb header_line_height=\u00a0\u00bb1.8em\u00a0\u00bb body_font=\u00a0\u00bbKarla||||||||\u00a0\u00bb body_text_color=\u00a0\u00bbrgba(255,255,255,0.7)\u00a0\u00bb body_font_size=\u00a0\u00bb16px\u00a0\u00bb body_line_height=\u00a0\u00bb1.8em\u00a0\u00bb text_orientation=\u00a0\u00bbcenter\u00a0\u00bb background_layout=\u00a0\u00bbdark\u00a0\u00bb custom_margin=\u00a0\u00bb|||\u00a0\u00bb image_max_width=\u00a0\u00bb75px\u00a0\u00bb global_colors_info=\u00a0\u00bb{}\u00a0\u00bb]<\/p>\n<p>Nous int\u00e9grons syst\u00e9matiquement dans nos actions les questions de bonne gouvernance, de redevabilit\u00e9, de promotion de l\u2019esprit d\u2019entreprenariat et d\u2019inclusion.<\/p>\n<p>[\/et_pb_blurb][\/et_pb_column][\/et_pb_row][et_pb_row column_structure=\u00a0\u00bb1_3,1_3,1_3&Prime; _builder_version=\u00a0\u00bb4.23.4&Prime; max_width=\u00a0\u00bb1351px\u00a0\u00bb custom_margin=\u00a0\u00bb|||\u00a0\u00bb custom_padding=\u00a0\u00bb50px|0px|26px|0px||\u00a0\u00bb animation_style=\u00a0\u00bbslide\u00a0\u00bb animation_direction=\u00a0\u00bbbottom\u00a0\u00bb animation_intensity_slide=\u00a0\u00bb6%\u00a0\u00bb global_colors_info=\u00a0\u00bb{}\u00a0\u00bb][et_pb_column type=\u00a0\u00bb1_3&Prime; _builder_version=\u00a0\u00bb4.16&Prime; custom_padding=\u00a0\u00bb|||\u00a0\u00bb global_colors_info=\u00a0\u00bb{}\u00a0\u00bb custom_padding__hover=\u00a0\u00bb|||\u00a0\u00bb][et_pb_blurb title=\u00a0\u00bbCommunication rurale\u00a0\u00bb image_icon_width=\u00a0\u00bb75px\u00a0\u00bb content_max_width=\u00a0\u00bb100%\u00a0\u00bb _builder_version=\u00a0\u00bb4.23.4&Prime; header_font=\u00a0\u00bbCormorant Garamond||||||||\u00a0\u00bb header_font_size=\u00a0\u00bb24px\u00a0\u00bb header_line_height=\u00a0\u00bb1.8em\u00a0\u00bb body_font=\u00a0\u00bbKarla||||||||\u00a0\u00bb body_text_color=\u00a0\u00bbrgba(255,255,255,0.7)\u00a0\u00bb body_font_size=\u00a0\u00bb16px\u00a0\u00bb body_line_height=\u00a0\u00bb1.8em\u00a0\u00bb text_orientation=\u00a0\u00bbcenter\u00a0\u00bb background_layout=\u00a0\u00bbdark\u00a0\u00bb custom_margin=\u00a0\u00bb|||\u00a0\u00bb image_max_width=\u00a0\u00bb75px\u00a0\u00bb global_colors_info=\u00a0\u00bb{}\u00a0\u00bb]<\/p>\n<p>Communication grand masse pour sensibiliser le monde rural sur des th\u00e9matiques de d\u00e9veloppement. Notamment : la gouvernance locale, la nutrition, l\u2019hygi\u00e8ne et assainissement, la sant\u00e9, l\u2019environnement, les micro-projets des jeunes, etc.<\/p>\n<p>[\/et_pb_blurb][\/et_pb_column][et_pb_column type=\u00a0\u00bb1_3&Prime; _builder_version=\u00a0\u00bb4.16&Prime; custom_padding=\u00a0\u00bb|||\u00a0\u00bb global_colors_info=\u00a0\u00bb{}\u00a0\u00bb custom_padding__hover=\u00a0\u00bb|||\u00a0\u00bb][et_pb_blurb title=\u00a0\u00bbGestion durable des ressources naturelle\u00a0\u00bb image_icon_width=\u00a0\u00bb75px\u00a0\u00bb content_max_width=\u00a0\u00bb100%\u00a0\u00bb _builder_version=\u00a0\u00bb4.23.4&Prime; header_font=\u00a0\u00bbCormorant Garamond||||||||\u00a0\u00bb header_font_size=\u00a0\u00bb24px\u00a0\u00bb header_line_height=\u00a0\u00bb1.8em\u00a0\u00bb body_font=\u00a0\u00bbKarla||||||||\u00a0\u00bb body_text_color=\u00a0\u00bbrgba(255,255,255,0.7)\u00a0\u00bb body_font_size=\u00a0\u00bb16px\u00a0\u00bb body_line_height=\u00a0\u00bb1.8em\u00a0\u00bb text_orientation=\u00a0\u00bbcenter\u00a0\u00bb background_layout=\u00a0\u00bbdark\u00a0\u00bb custom_margin=\u00a0\u00bb|||\u00a0\u00bb image_max_width=\u00a0\u00bb75px\u00a0\u00bb global_colors_info=\u00a0\u00bb{}\u00a0\u00bb]<\/p>\n<p>Optimisation des syst\u00e8mes de production des exploitations familiales par la restauration des micros bassins-versants et de plateaux de terres d\u00e9grad\u00e9es par une combinaison de techniques et\/ou de technologies de gestion de l\u2019eau \u00e0 la parcelle et d\u2019am\u00e9lioration de la fertilit\u00e9 innovantes et adapt\u00e9es<\/p>\n<p>[\/et_pb_blurb][\/et_pb_column][et_pb_column type=\u00a0\u00bb1_3&Prime; _builder_version=\u00a0\u00bb4.16&Prime; custom_padding=\u00a0\u00bb|||\u00a0\u00bb global_colors_info=\u00a0\u00bb{}\u00a0\u00bb custom_padding__hover=\u00a0\u00bb|||\u00a0\u00bb][et_pb_blurb title=\u00a0\u00bbR\u00e9duction des risques de catastrophes et le renforcement de la r\u00e9silience\u00a0\u00bb image_icon_width=\u00a0\u00bb75px\u00a0\u00bb content_max_width=\u00a0\u00bb100%\u00a0\u00bb _builder_version=\u00a0\u00bb4.23.4&Prime; header_font=\u00a0\u00bbCormorant Garamond||||||||\u00a0\u00bb header_font_size=\u00a0\u00bb24px\u00a0\u00bb header_line_height=\u00a0\u00bb1.8em\u00a0\u00bb body_font=\u00a0\u00bbKarla||||||||\u00a0\u00bb body_text_color=\u00a0\u00bbrgba(255,255,255,0.7)\u00a0\u00bb body_font_size=\u00a0\u00bb16px\u00a0\u00bb body_line_height=\u00a0\u00bb1.8em\u00a0\u00bb text_orientation=\u00a0\u00bbcenter\u00a0\u00bb background_layout=\u00a0\u00bbdark\u00a0\u00bb custom_margin=\u00a0\u00bb|||\u00a0\u00bb image_max_width=\u00a0\u00bb75px\u00a0\u00bb global_colors_info=\u00a0\u00bb{}\u00a0\u00bb]<\/p>\n<p>Renforcer l&rsquo;inclusion et la collaboration entre les personnes \u00e0 risque, la soci\u00e9t\u00e9 civile et les gouvernements dans la conception et la mise en \u0153uvre de politiques et de pratiques visant \u00e0 r\u00e9duire les risques et \u00e0 renforcer la r\u00e9silience des communaut\u00e9s.<\/p>\n<p>[\/et_pb_blurb][\/et_pb_column][\/et_pb_row][et_pb_row column_structure=\u00a0\u00bb1_3,1_3,1_3&Prime; make_equal=\u00a0\u00bbon\u00a0\u00bb _builder_version=\u00a0\u00bb4.23.4&Prime; width=\u00a0\u00bb91%\u00a0\u00bb max_width=\u00a0\u00bb1351px\u00a0\u00bb module_alignment=\u00a0\u00bbcenter\u00a0\u00bb custom_margin=\u00a0\u00bb|||\u00a0\u00bb custom_padding=\u00a0\u00bb50px|0px|9px|0px||\u00a0\u00bb animation_style=\u00a0\u00bbslide\u00a0\u00bb animation_direction=\u00a0\u00bbbottom\u00a0\u00bb animation_intensity_slide=\u00a0\u00bb6%\u00a0\u00bb global_colors_info=\u00a0\u00bb{}\u00a0\u00bb][et_pb_column type=\u00a0\u00bb1_3&Prime; _builder_version=\u00a0\u00bb4.16&Prime; custom_padding=\u00a0\u00bb|||\u00a0\u00bb global_colors_info=\u00a0\u00bb{}\u00a0\u00bb custom_padding__hover=\u00a0\u00bb|||\u00a0\u00bb][et_pb_blurb title=\u00a0\u00bbPromotion de l\u2019entreprenariat et le microcr\u00e9dit\u00a0\u00bb image_icon_width=\u00a0\u00bb75px\u00a0\u00bb content_max_width=\u00a0\u00bb100%\u00a0\u00bb _builder_version=\u00a0\u00bb4.23.4&Prime; header_font=\u00a0\u00bbCormorant Garamond||||||||\u00a0\u00bb header_font_size=\u00a0\u00bb24px\u00a0\u00bb header_line_height=\u00a0\u00bb1.8em\u00a0\u00bb body_font=\u00a0\u00bbKarla||||||||\u00a0\u00bb body_text_color=\u00a0\u00bbrgba(255,255,255,0.7)\u00a0\u00bb body_font_size=\u00a0\u00bb16px\u00a0\u00bb body_line_height=\u00a0\u00bb1.8em\u00a0\u00bb text_orientation=\u00a0\u00bbcenter\u00a0\u00bb background_layout=\u00a0\u00bbdark\u00a0\u00bb custom_margin=\u00a0\u00bb|||\u00a0\u00bb image_max_width=\u00a0\u00bb75px\u00a0\u00bb global_colors_info=\u00a0\u00bb{}\u00a0\u00bb]<\/p>\n<p>Incubation des jeunes porteurs d\u2019id\u00e9e d\u2019entreprise, formation, l\u2019appui-conseil\/accompagnement des jeunes entrepreneurs, le d\u00e9veloppement de l\u2019\u00e9conomie locale des femmes \u00e0 travers le syst\u00e8me d\u2019Epargne et de Cr\u00e9dit Villageois ou VSL (Village Saving &amp; Loans).<\/p>\n<p>[\/et_pb_blurb][\/et_pb_column][et_pb_column type=\u00a0\u00bb1_3&Prime; _builder_version=\u00a0\u00bb4.16&Prime; custom_padding=\u00a0\u00bb|||\u00a0\u00bb global_colors_info=\u00a0\u00bb{}\u00a0\u00bb custom_padding__hover=\u00a0\u00bb|||\u00a0\u00bb][et_pb_blurb title=\u00a0\u00bbPromotion de la Sant\u00e9 \u00a0\u00bb image_icon_width=\u00a0\u00bb75px\u00a0\u00bb content_max_width=\u00a0\u00bb100%\u00a0\u00bb _builder_version=\u00a0\u00bb4.23.4&Prime; header_font=\u00a0\u00bbCormorant Garamond||||||||\u00a0\u00bb header_font_size=\u00a0\u00bb24px\u00a0\u00bb header_line_height=\u00a0\u00bb1.8em\u00a0\u00bb body_font=\u00a0\u00bbKarla||||||||\u00a0\u00bb body_text_color=\u00a0\u00bbrgba(255,255,255,0.7)\u00a0\u00bb body_font_size=\u00a0\u00bb16px\u00a0\u00bb body_line_height=\u00a0\u00bb1.8em\u00a0\u00bb text_orientation=\u00a0\u00bbcenter\u00a0\u00bb background_layout=\u00a0\u00bbdark\u00a0\u00bb custom_margin=\u00a0\u00bb|||\u00a0\u00bb image_max_width=\u00a0\u00bb75px\u00a0\u00bb global_colors_info=\u00a0\u00bb{}\u00a0\u00bb]<\/p>\n<p>Acc\u00e8s aux soins de qualit\u00e9 \u00e0 co\u00fbt social au b\u00e9n\u00e9fice des populations vuln\u00e9rables par la mise en place d\u2019un Centre M\u00e9dical en 2020 par DevSo. La sensibilisation sur le paludisme, les IST, le VIH, le SIDA et le planning familial ; la lutte contre la malnutrition par la mise en place de projets de pr\u00e9vention et la prise en charge de la malnutrition.<\/p>\n<p>[\/et_pb_blurb][\/et_pb_column][et_pb_column type=\u00a0\u00bb1_3&Prime; _builder_version=\u00a0\u00bb4.16&Prime; custom_padding=\u00a0\u00bb|||\u00a0\u00bb global_colors_info=\u00a0\u00bb{}\u00a0\u00bb custom_padding__hover=\u00a0\u00bb|||\u00a0\u00bb][et_pb_blurb title=\u00a0\u00bbFormation et production audiovisuelle \u00a0\u00bb image_icon_width=\u00a0\u00bb75px\u00a0\u00bb content_max_width=\u00a0\u00bb100%\u00a0\u00bb _builder_version=\u00a0\u00bb4.23.4&Prime; header_font=\u00a0\u00bbCormorant Garamond||||||||\u00a0\u00bb header_font_size=\u00a0\u00bb24px\u00a0\u00bb header_line_height=\u00a0\u00bb1.8em\u00a0\u00bb body_font=\u00a0\u00bbKarla||||||||\u00a0\u00bb body_text_color=\u00a0\u00bbrgba(255,255,255,0.7)\u00a0\u00bb body_font_size=\u00a0\u00bb16px\u00a0\u00bb body_line_height=\u00a0\u00bb1.8em\u00a0\u00bb text_orientation=\u00a0\u00bbcenter\u00a0\u00bb background_layout=\u00a0\u00bbdark\u00a0\u00bb custom_margin=\u00a0\u00bb|||\u00a0\u00bb image_max_width=\u00a0\u00bb75px\u00a0\u00bb global_colors_info=\u00a0\u00bb{}\u00a0\u00bb]<\/p>\n<p>Accompagner les acteurs du domaine audiovisuel \u00e0 renforcer leurs capacit\u00e9s et \u00e0 r\u00e9aliser leurs projets tels que\u00a0: les films documentaires et de sensibilisation, le reportage des \u00e9v\u00e8nements, enregistrement de music et des clips vid\u00e9o, r\u00e9aliser des spots publicitaires. R\u00e9aliser le suivi \u00e9valuation et de redevabilit\u00e9 des projets et programmes de d\u00e9veloppement les ONGs et autres<\/p>\n<p>[\/et_pb_blurb][\/et_pb_column][\/et_pb_row][\/et_pb_section][et_pb_section fb_built=\u00a0\u00bb1&Prime; admin_label=\u00a0\u00bbContact\u00a0\u00bb _builder_version=\u00a0\u00bb4.23.4&Prime; background_color=\u00a0\u00bb#FFFFFF\u00a0\u00bb custom_padding=\u00a0\u00bb59px|0px|100px|0px||\u00a0\u00bb global_colors_info=\u00a0\u00bb{}\u00a0\u00bb][et_pb_row _builder_version=\u00a0\u00bb4.23.4&Prime; transform_scale=\u00a0\u00bb102%|102%\u00a0\u00bb transform_translate=\u00a0\u00bb214px|4px\u00a0\u00bb hover_enabled=\u00a0\u00bb0&Prime; global_colors_info=\u00a0\u00bb{}\u00a0\u00bb sticky_enabled=\u00a0\u00bb0&Prime; custom_padding=\u00a0\u00bb51px|||||\u00a0\u00bb][et_pb_column type=\u00a0\u00bb4_4&Prime; _builder_version=\u00a0\u00bb4.23.4&Prime; custom_padding=\u00a0\u00bb|||\u00a0\u00bb hover_enabled=\u00a0\u00bb0&Prime; global_colors_info=\u00a0\u00bb{}\u00a0\u00bb custom_padding__hover=\u00a0\u00bb|||\u00a0\u00bb transform_styles_last_edited=\u00a0\u00bbon|phone\u00a0\u00bb transform_scale_last_edited=\u00a0\u00bbon|phone\u00a0\u00bb transform_translate_last_edited=\u00a0\u00bbon|phone\u00a0\u00bb transform_rotate_last_edited=\u00a0\u00bbon|phone\u00a0\u00bb transform_skew_last_edited=\u00a0\u00bbon|phone\u00a0\u00bb transform_origin_last_edited=\u00a0\u00bbon|phone\u00a0\u00bb transform_translate_phone=\u00a0\u00bb8px|-54px\u00a0\u00bb sticky_enabled=\u00a0\u00bb0&Prime;][et_pb_text _builder_version=\u00a0\u00bb4.23.4&Prime; text_font=\u00a0\u00bbKarla||||||||\u00a0\u00bb text_text_color=\u00a0\u00bb#000000&Prime; text_font_size=\u00a0\u00bb18px\u00a0\u00bb text_line_height=\u00a0\u00bb1.8em\u00a0\u00bb header_font=\u00a0\u00bb||||||||\u00a0\u00bb header_2_font=\u00a0\u00bbCormorant Garamond||||||||\u00a0\u00bb header_2_font_size=\u00a0\u00bb40px\u00a0\u00bb header_2_line_height=\u00a0\u00bb1.4em\u00a0\u00bb header_3_font=\u00a0\u00bb||||||||\u00a0\u00bb max_width=\u00a0\u00bb600px\u00a0\u00bb custom_padding=\u00a0\u00bb||0px|||\u00a0\u00bb hover_enabled=\u00a0\u00bb0&Prime; locked=\u00a0\u00bboff\u00a0\u00bb global_colors_info=\u00a0\u00bb{}\u00a0\u00bb transform_styles_last_edited=\u00a0\u00bbon|phone\u00a0\u00bb transform_scale_last_edited=\u00a0\u00bbon|phone\u00a0\u00bb transform_translate_last_edited=\u00a0\u00bbon|phone\u00a0\u00bb transform_rotate_last_edited=\u00a0\u00bbon|phone\u00a0\u00bb transform_skew_last_edited=\u00a0\u00bbon|phone\u00a0\u00bb transform_origin_last_edited=\u00a0\u00bbon|phone\u00a0\u00bb transform_translate_phone=\u00a0\u00bb-211px|-1px\u00a0\u00bb sticky_enabled=\u00a0\u00bb0&Prime;]<\/p>\n<h2 style=\"text-align: center;\">B\u00e2tissons un monde meilleur!<\/h2>\n<p style=\"text-align: center;\">B\u00e2tissons ensemble un monde o\u00f9 la compassion est la norme, o\u00f9 personne n&rsquo;est laiss\u00e9 pour compte, et o\u00f9 chaque individu a l&rsquo;opportunit\u00e9 de r\u00e9aliser son plein potentiel.<\/p>\n<p style=\"text-align: center;\">Pour soutenir notre cause et participer \u00e0 cette aventure vers un monde meilleur, contactez nous.<\/p>\n<p>[\/et_pb_text][et_pb_button button_url=\u00a0\u00bb@ET-DC@eyJkeW5hbWljIjp0cnVlLCJjb250ZW50IjoicG9zdF9saW5rX3VybF9wYWdlIiwic2V0dGluZ3MiOnsicG9zdF9pZCI6IjM4In19@\u00a0\u00bb button_text=\u00a0\u00bbContact\u00a0\u00bb _builder_version=\u00a0\u00bb4.23.4&Prime; _dynamic_attributes=\u00a0\u00bbbutton_url\u00a0\u00bb _module_preset=\u00a0\u00bbdefault\u00a0\u00bb transform_translate=\u00a0\u00bb240px|0px\u00a0\u00bb animation_style=\u00a0\u00bbbounce\u00a0\u00bb hover_enabled=\u00a0\u00bb0&Prime; global_colors_info=\u00a0\u00bb{}\u00a0\u00bb transform_styles_last_edited=\u00a0\u00bbon|phone\u00a0\u00bb transform_scale_last_edited=\u00a0\u00bbon|phone\u00a0\u00bb transform_translate_last_edited=\u00a0\u00bbon|phone\u00a0\u00bb transform_rotate_last_edited=\u00a0\u00bbon|phone\u00a0\u00bb transform_skew_last_edited=\u00a0\u00bbon|phone\u00a0\u00bb transform_origin_last_edited=\u00a0\u00bbon|phone\u00a0\u00bb transform_translate_phone=\u00a0\u00bb-126px|0px\u00a0\u00bb sticky_enabled=\u00a0\u00bb0&Prime; transform_translate_tablet=\u00a0\u00bb240px|0px\u00a0\u00bb][\/et_pb_button][\/et_pb_column][\/et_pb_row][\/et_pb_section]<\/p>\n","protected":false},"excerpt":{"rendered":"<p>Notre vision Avoir une soci\u00e9t\u00e9 o\u00f9 toutes les femmes et tous les hommes sans aucune distinction jouissent de la libert\u00e9 pour poursuivre leur propre d\u00e9veloppement durableNotre objectif Soutenir les populations rurales \u00e0 renforcer leur r\u00e9silience \u00e0 travers l\u2019appui\/accompagnement de projets de d\u00e9veloppement durableStatuts juridiquesDevSo est une association de droit burkinab\u00e8 cr\u00e9\u00e9e en 2009 qui a [&hellip;]<\/p>\n","protected":false},"author":1,"featured_media":0,"parent":0,"menu_order":0,"comment_status":"closed","ping_status":"closed","template":"","meta":{"_et_pb_use_builder":"on","_et_pb_old_content":"","_et_gb_content_width":"","footnotes":""},"class_list":["post-93","page","type-page","status-publish","hentry"],"_links":{"self":[{"href":"https:\/\/devso-burkina.org\/index.php?rest_route=\/wp\/v2\/pages\/93","targetHints":{"allow":["GET"]}}],"collection":[{"href":"https:\/\/devso-burkina.org\/index.php?rest_route=\/wp\/v2\/pages"}],"about":[{"href":"https:\/\/devso-burkina.org\/index.php?rest_route=\/wp\/v2\/types\/page"}],"author":[{"embeddable":true,"href":"https:\/\/devso-burkina.org\/index.php?rest_route=\/wp\/v2\/users\/1"}],"replies":[{"embeddable":true,"href":"https:\/\/devso-burkina.org\/index.php?rest_route=%2Fwp%2Fv2%2Fcomments&post=93"}],"version-history":[{"count":11,"href":"https:\/\/devso-burkina.org\/index.php?rest_route=\/wp\/v2\/pages\/93\/revisions"}],"predecessor-version":[{"id":194,"href":"https:\/\/devso-burkina.org\/index.php?rest_route=\/wp\/v2\/pages\/93\/revisions\/194"}],"wp:attachment":[{"href":"https:\/\/devso-burkina.org\/index.php?rest_route=%2Fwp%2Fv2%2Fmedia&parent=93"}],"curies":[{"name":"wp","href":"https:\/\/api.w.org\/{rel}","templated":true}]}}