{"id":111,"date":"2024-01-02T07:32:34","date_gmt":"2024-01-02T07:32:34","guid":{"rendered":"https:\/\/devso-burkina.org\/?post_type=project&#038;p=111"},"modified":"2024-01-03T06:15:04","modified_gmt":"2024-01-03T06:15:04","slug":"111","status":"publish","type":"project","link":"https:\/\/devso-burkina.org\/?project=111","title":{"rendered":"Projet de Renforcement de la r\u00e9silience des communaut\u00e9s de la fronti\u00e8re Mali-Burkina pour la pr\u00e9vention des conflits et une meilleure gestion des ressources naturelles"},"content":{"rendered":"<p>[et_pb_section fb_built=\u00a0\u00bb1&Prime; background_color_2=\u00a0\u00bb#181726&Prime; padding_top_bottom_link_2=\u00a0\u00bbfalse\u00a0\u00bb padding_left_right_link_2=\u00a0\u00bbfalse\u00a0\u00bb admin_label=\u00a0\u00bbHeader\u00a0\u00bb _builder_version=\u00a0\u00bb4.23.4&Prime; background_color=\u00a0\u00bb#000000&Prime; background_enable_image=\u00a0\u00bboff\u00a0\u00bb custom_margin=\u00a0\u00bb||-6px|||\u00a0\u00bb custom_padding=\u00a0\u00bb8vw||3px||false|false\u00a0\u00bb global_colors_info=\u00a0\u00bb{}\u00a0\u00bb][et_pb_row _builder_version=\u00a0\u00bb4.23.4&Prime; background_color=\u00a0\u00bb#000000&Prime; custom_margin=\u00a0\u00bb-40px||||false|false\u00a0\u00bb custom_padding=\u00a0\u00bb0px|2.5vw|0px|2.5vw|true|true\u00a0\u00bb hover_enabled=\u00a0\u00bb0&Prime; locked=\u00a0\u00bboff\u00a0\u00bb global_colors_info=\u00a0\u00bb{}\u00a0\u00bb custom_margin_last_edited=\u00a0\u00bbon|phone\u00a0\u00bb custom_margin_phone=\u00a0\u00bb-15px||||false|false\u00a0\u00bb sticky_enabled=\u00a0\u00bb0&Prime; custom_margin_tablet=\u00a0\u00bb-40px||||false|false\u00a0\u00bb][et_pb_column type=\u00a0\u00bb4_4&Prime; saved_specialty_column_type=\u00a0\u00bb2_3&Prime; _builder_version=\u00a0\u00bb4.16&Prime; global_colors_info=\u00a0\u00bb{}\u00a0\u00bb][et_pb_text _builder_version=\u00a0\u00bb4.16&Prime; header_font=\u00a0\u00bbRoboto Condensed|700||on|||||\u00a0\u00bb header_font_size=\u00a0\u00bb94px\u00a0\u00bb header_line_height=\u00a0\u00bb1.1em\u00a0\u00bb background_layout=\u00a0\u00bbdark\u00a0\u00bb header_font_size_tablet=\u00a0\u00bb74px\u00a0\u00bb header_font_size_phone=\u00a0\u00bb54px\u00a0\u00bb header_font_size_last_edited=\u00a0\u00bbon|phone\u00a0\u00bb global_colors_info=\u00a0\u00bb{}\u00a0\u00bb]<\/p>\n<h1>Projet<\/h1>\n<p>[\/et_pb_text][\/et_pb_column][\/et_pb_row][et_pb_row _builder_version=\u00a0\u00bb4.16&Prime; background_color=\u00a0\u00bb#ffffff\u00a0\u00bb custom_margin=\u00a0\u00bb||||false|false\u00a0\u00bb custom_padding=\u00a0\u00bb48px|2.5vw|48px|2.5vw|true|true\u00a0\u00bb border_color_all=\u00a0\u00bb#000000&Prime; border_width_left=\u00a0\u00bb2.5vw\u00a0\u00bb box_shadow_style=\u00a0\u00bbpreset4&Prime; box_shadow_horizontal=\u00a0\u00bb30vw\u00a0\u00bb box_shadow_vertical=\u00a0\u00bb32vw\u00a0\u00bb box_shadow_spread=\u00a0\u00bb27.5vw\u00a0\u00bb box_shadow_color=\u00a0\u00bb#ffc001&Prime; locked=\u00a0\u00bboff\u00a0\u00bb global_colors_info=\u00a0\u00bb{}\u00a0\u00bb][et_pb_column type=\u00a0\u00bb4_4&Prime; saved_specialty_column_type=\u00a0\u00bb2_3&Prime; _builder_version=\u00a0\u00bb4.16&Prime; global_colors_info=\u00a0\u00bb{}\u00a0\u00bb][et_pb_text _builder_version=\u00a0\u00bb4.23.4&Prime; text_font=\u00a0\u00bbLora|700|||||||\u00a0\u00bb text_text_color=\u00a0\u00bb#000000&Prime; text_font_size=\u00a0\u00bb16px\u00a0\u00bb text_line_height=\u00a0\u00bb2em\u00a0\u00bb custom_padding=\u00a0\u00bb||0px|||\u00a0\u00bb text_font_size_tablet=\u00a0\u00bb15px\u00a0\u00bb text_font_size_phone=\u00a0\u00bb14px\u00a0\u00bb text_font_size_last_edited=\u00a0\u00bbon|phone\u00a0\u00bb global_colors_info=\u00a0\u00bb{}\u00a0\u00bb]<\/p>\n<p style=\"text-align: center;\">\u00ab Renforcement de la r\u00e9silience des communaut\u00e9s de la fronti\u00e8re Mali-Burkina pour la pr\u00e9vention des conflits et une meilleure gestion des ressources naturelles \u00bb<\/p>\n<p>[\/et_pb_text][\/et_pb_column][\/et_pb_row][et_pb_row column_structure=\u00a0\u00bb1_6,1_6,1_6,1_6,1_6,1_6&Prime; _builder_version=\u00a0\u00bb4.23.4&Prime; background_color=\u00a0\u00bb#ffffff\u00a0\u00bb custom_margin=\u00a0\u00bb||||false|false\u00a0\u00bb custom_padding=\u00a0\u00bb0px|2.5vw|48px|2.5vw|false|true\u00a0\u00bb border_color_all=\u00a0\u00bb#000000&Prime; border_width_left=\u00a0\u00bb2.5vw\u00a0\u00bb box_shadow_style=\u00a0\u00bbpreset4&Prime; box_shadow_horizontal=\u00a0\u00bb30vw\u00a0\u00bb box_shadow_vertical=\u00a0\u00bb32vw\u00a0\u00bb box_shadow_spread=\u00a0\u00bb27.5vw\u00a0\u00bb box_shadow_color=\u00a0\u00bb#ffc001&Prime; locked=\u00a0\u00bboff\u00a0\u00bb global_colors_info=\u00a0\u00bb{}\u00a0\u00bb][et_pb_column type=\u00a0\u00bb1_6&Prime; _builder_version=\u00a0\u00bb4.16&Prime; global_colors_info=\u00a0\u00bb{}\u00a0\u00bb][et_pb_text _builder_version=\u00a0\u00bb4.23.4&Prime; text_font=\u00a0\u00bb|600|||||||\u00a0\u00bb text_text_color=\u00a0\u00bb#000000&Prime; text_line_height=\u00a0\u00bb2em\u00a0\u00bb header_text_color=\u00a0\u00bb#E02B20&Prime; header_4_font=\u00a0\u00bbRoboto Condensed|700||on|||||\u00a0\u00bb header_4_font_size=\u00a0\u00bb14px\u00a0\u00bb header_4_letter_spacing=\u00a0\u00bb1px\u00a0\u00bb header_4_line_height=\u00a0\u00bb1.2em\u00a0\u00bb max_width=\u00a0\u00bb640px\u00a0\u00bb hover_enabled=\u00a0\u00bb0&Prime; text_font_size_tablet=\u00a0\u00bb15px\u00a0\u00bb text_font_size_phone=\u00a0\u00bb14px\u00a0\u00bb text_font_size_last_edited=\u00a0\u00bboff|desktop\u00a0\u00bb header_4_font_size_phone=\u00a0\u00bb18px\u00a0\u00bb header_4_font_size_last_edited=\u00a0\u00bboff|desktop\u00a0\u00bb locked=\u00a0\u00bboff\u00a0\u00bb global_colors_info=\u00a0\u00bb{}\u00a0\u00bb header_text_align_last_edited=\u00a0\u00bbon|phone\u00a0\u00bb header_text_align_phone=\u00a0\u00bbcenter\u00a0\u00bb text_orientation_last_edited=\u00a0\u00bbon|phone\u00a0\u00bb text_orientation_phone=\u00a0\u00bbcenter\u00a0\u00bb sticky_enabled=\u00a0\u00bb0&Prime;]<\/p>\n<h4>Client<\/h4>\n<p>Oxfam, financ\u00e9 par la Fondation PATRIP<\/p>\n<p>[\/et_pb_text][\/et_pb_column][et_pb_column type=\u00a0\u00bb1_6&Prime; _builder_version=\u00a0\u00bb4.16&Prime; global_colors_info=\u00a0\u00bb{}\u00a0\u00bb][et_pb_text _builder_version=\u00a0\u00bb4.23.4&Prime; text_font=\u00a0\u00bb|600|||||||\u00a0\u00bb text_text_color=\u00a0\u00bb#000000&Prime; text_line_height=\u00a0\u00bb2em\u00a0\u00bb header_4_font=\u00a0\u00bbRoboto Condensed|700||on|||||\u00a0\u00bb header_4_font_size=\u00a0\u00bb14px\u00a0\u00bb header_4_letter_spacing=\u00a0\u00bb1px\u00a0\u00bb header_4_line_height=\u00a0\u00bb1.2em\u00a0\u00bb max_width=\u00a0\u00bb640px\u00a0\u00bb hover_enabled=\u00a0\u00bb0&Prime; text_font_size_tablet=\u00a0\u00bb15px\u00a0\u00bb text_font_size_phone=\u00a0\u00bb14px\u00a0\u00bb text_font_size_last_edited=\u00a0\u00bboff|desktop\u00a0\u00bb header_4_font_size_phone=\u00a0\u00bb18px\u00a0\u00bb header_4_font_size_last_edited=\u00a0\u00bboff|desktop\u00a0\u00bb locked=\u00a0\u00bboff\u00a0\u00bb global_colors_info=\u00a0\u00bb{}\u00a0\u00bb text_orientation_last_edited=\u00a0\u00bbon|phone\u00a0\u00bb text_orientation_phone=\u00a0\u00bbcenter\u00a0\u00bb sticky_enabled=\u00a0\u00bb0&Prime;]<\/p>\n<h4>Date de d\u00e9but<\/h4>\n<p>Janvier 2022<\/p>\n<p>[\/et_pb_text][\/et_pb_column][et_pb_column type=\u00a0\u00bb1_6&Prime; _builder_version=\u00a0\u00bb4.16&Prime; global_colors_info=\u00a0\u00bb{}\u00a0\u00bb][et_pb_text _builder_version=\u00a0\u00bb4.23.4&Prime; text_font=\u00a0\u00bb|600|||||||\u00a0\u00bb text_text_color=\u00a0\u00bb#000000&Prime; text_line_height=\u00a0\u00bb2em\u00a0\u00bb header_4_font=\u00a0\u00bbRoboto Condensed|700||on|||||\u00a0\u00bb header_4_font_size=\u00a0\u00bb14px\u00a0\u00bb header_4_letter_spacing=\u00a0\u00bb1px\u00a0\u00bb header_4_line_height=\u00a0\u00bb1.2em\u00a0\u00bb max_width=\u00a0\u00bb640px\u00a0\u00bb hover_enabled=\u00a0\u00bb0&Prime; text_font_size_tablet=\u00a0\u00bb15px\u00a0\u00bb text_font_size_phone=\u00a0\u00bb14px\u00a0\u00bb text_font_size_last_edited=\u00a0\u00bboff|desktop\u00a0\u00bb header_4_font_size_phone=\u00a0\u00bb18px\u00a0\u00bb header_4_font_size_last_edited=\u00a0\u00bboff|desktop\u00a0\u00bb locked=\u00a0\u00bboff\u00a0\u00bb global_colors_info=\u00a0\u00bb{}\u00a0\u00bb text_orientation_last_edited=\u00a0\u00bbon|phone\u00a0\u00bb text_orientation_phone=\u00a0\u00bbcenter\u00a0\u00bb sticky_enabled=\u00a0\u00bb0&Prime;]<\/p>\n<h4>Date de fin<\/h4>\n<p>D\u00e9cembre 2023<\/p>\n<p>[\/et_pb_text][\/et_pb_column][et_pb_column type=\u00a0\u00bb1_6&Prime; _builder_version=\u00a0\u00bb4.16&Prime; global_colors_info=\u00a0\u00bb{}\u00a0\u00bb][et_pb_text _builder_version=\u00a0\u00bb4.23.4&Prime; text_font=\u00a0\u00bb|600|||||||\u00a0\u00bb text_text_color=\u00a0\u00bb#000000&Prime; text_line_height=\u00a0\u00bb2em\u00a0\u00bb header_4_font=\u00a0\u00bbRoboto Condensed|700||on|||||\u00a0\u00bb header_4_font_size=\u00a0\u00bb14px\u00a0\u00bb header_4_letter_spacing=\u00a0\u00bb1px\u00a0\u00bb header_4_line_height=\u00a0\u00bb1.2em\u00a0\u00bb max_width=\u00a0\u00bb640px\u00a0\u00bb hover_enabled=\u00a0\u00bb0&Prime; text_font_size_tablet=\u00a0\u00bb15px\u00a0\u00bb text_font_size_phone=\u00a0\u00bb14px\u00a0\u00bb text_font_size_last_edited=\u00a0\u00bboff|desktop\u00a0\u00bb header_4_font_size_phone=\u00a0\u00bb18px\u00a0\u00bb header_4_font_size_last_edited=\u00a0\u00bboff|desktop\u00a0\u00bb locked=\u00a0\u00bboff\u00a0\u00bb global_colors_info=\u00a0\u00bb{}\u00a0\u00bb text_orientation_last_edited=\u00a0\u00bbon|phone\u00a0\u00bb text_orientation_phone=\u00a0\u00bbcenter\u00a0\u00bb sticky_enabled=\u00a0\u00bb0&Prime;]<\/p>\n<h4>Dur\u00e9e<\/h4>\n<p>24 Mois<\/p>\n<p>[\/et_pb_text][\/et_pb_column][et_pb_column type=\u00a0\u00bb1_6&Prime; _builder_version=\u00a0\u00bb4.16&Prime; global_colors_info=\u00a0\u00bb{}\u00a0\u00bb][et_pb_text _builder_version=\u00a0\u00bb4.23.4&Prime; text_font=\u00a0\u00bb|600|||||||\u00a0\u00bb text_text_color=\u00a0\u00bb#000000&Prime; text_line_height=\u00a0\u00bb2em\u00a0\u00bb header_4_font=\u00a0\u00bbRoboto Condensed|700||on|||||\u00a0\u00bb header_4_font_size=\u00a0\u00bb14px\u00a0\u00bb header_4_letter_spacing=\u00a0\u00bb1px\u00a0\u00bb header_4_line_height=\u00a0\u00bb1.2em\u00a0\u00bb max_width=\u00a0\u00bb668px\u00a0\u00bb hover_enabled=\u00a0\u00bb0&Prime; text_font_size_tablet=\u00a0\u00bb15px\u00a0\u00bb text_font_size_phone=\u00a0\u00bb14px\u00a0\u00bb text_font_size_last_edited=\u00a0\u00bboff|desktop\u00a0\u00bb header_4_font_size_phone=\u00a0\u00bb18px\u00a0\u00bb header_4_font_size_last_edited=\u00a0\u00bboff|desktop\u00a0\u00bb locked=\u00a0\u00bboff\u00a0\u00bb global_colors_info=\u00a0\u00bb{}\u00a0\u00bb text_orientation_last_edited=\u00a0\u00bbon|phone\u00a0\u00bb text_orientation_phone=\u00a0\u00bbcenter\u00a0\u00bb sticky_enabled=\u00a0\u00bb0&Prime;]<\/p>\n<h4>Lieu<\/h4>\n<p>R\u00e9gion du Nord, les communes de Ouahigouya et de Oula<\/p>\n<p>[\/et_pb_text][\/et_pb_column][et_pb_column type=\u00a0\u00bb1_6&Prime; _builder_version=\u00a0\u00bb4.16&Prime; global_colors_info=\u00a0\u00bb{}\u00a0\u00bb][et_pb_text _builder_version=\u00a0\u00bb4.23.4&Prime; text_font=\u00a0\u00bb|600|||||||\u00a0\u00bb text_text_color=\u00a0\u00bb#000000&Prime; text_line_height=\u00a0\u00bb2em\u00a0\u00bb header_4_font=\u00a0\u00bbRoboto Condensed|700||on|||||\u00a0\u00bb header_4_font_size=\u00a0\u00bb14px\u00a0\u00bb header_4_letter_spacing=\u00a0\u00bb1px\u00a0\u00bb header_4_line_height=\u00a0\u00bb1.2em\u00a0\u00bb max_width=\u00a0\u00bb640px\u00a0\u00bb hover_enabled=\u00a0\u00bb0&Prime; text_font_size_tablet=\u00a0\u00bb15px\u00a0\u00bb text_font_size_phone=\u00a0\u00bb14px\u00a0\u00bb text_font_size_last_edited=\u00a0\u00bboff|desktop\u00a0\u00bb header_4_font_size_phone=\u00a0\u00bb18px\u00a0\u00bb header_4_font_size_last_edited=\u00a0\u00bboff|desktop\u00a0\u00bb locked=\u00a0\u00bboff\u00a0\u00bb global_colors_info=\u00a0\u00bb{}\u00a0\u00bb text_orientation_last_edited=\u00a0\u00bbon|phone\u00a0\u00bb text_orientation_phone=\u00a0\u00bbcenter\u00a0\u00bb sticky_enabled=\u00a0\u00bb0&Prime;]<\/p>\n<h4><strong>Valeur approximative des services<\/strong><\/h4>\n<p>213 331 428 francs CFA soit\u00a0 325 222 EURO<\/p>\n<p>[\/et_pb_text][\/et_pb_column][\/et_pb_row][\/et_pb_section][et_pb_section fb_built=\u00a0\u00bb1&Prime; make_equal=\u00a0\u00bbon\u00a0\u00bb specialty=\u00a0\u00bbon\u00a0\u00bb background_color_1=\u00a0\u00bb#e02b20&Prime; padding_top_1=\u00a0\u00bb10px\u00a0\u00bb padding_top_2=\u00a0\u00bb6vw\u00a0\u00bb padding_right_1=\u00a0\u00bb20px\u00a0\u00bb padding_bottom_1=\u00a0\u00bb10px\u00a0\u00bb padding_bottom_2=\u00a0\u00bb6vw\u00a0\u00bb padding_left_1=\u00a0\u00bb20px\u00a0\u00bb padding_left_2=\u00a0\u00bb0px\u00a0\u00bb padding_top_bottom_link_1=\u00a0\u00bbtrue\u00a0\u00bb padding_top_bottom_link_2=\u00a0\u00bbtrue\u00a0\u00bb padding_left_right_link_1=\u00a0\u00bbtrue\u00a0\u00bb padding_left_right_link_2=\u00a0\u00bbfalse\u00a0\u00bb padding_2_tablet=\u00a0\u00bb0px|0px||0px|false|true\u00a0\u00bb padding_2_phone=\u00a0\u00bb\u00a0\u00bb padding_2_last_edited=\u00a0\u00bbon|tablet\u00a0\u00bb admin_label=\u00a0\u00bbAbout\u00a0\u00bb _builder_version=\u00a0\u00bb4.23.4&Prime; z_index=\u00a0\u00bb10&Prime; min_height=\u00a0\u00bb2313.4px\u00a0\u00bb custom_padding=\u00a0\u00bb0px||0px|||\u00a0\u00bb global_colors_info=\u00a0\u00bb{}\u00a0\u00bb][et_pb_column type=\u00a0\u00bb1_4&Prime; _builder_version=\u00a0\u00bb4.16&Prime; custom_padding=\u00a0\u00bb|||\u00a0\u00bb global_colors_info=\u00a0\u00bb{}\u00a0\u00bb custom_padding__hover=\u00a0\u00bb|||\u00a0\u00bb][\/et_pb_column][et_pb_column type=\u00a0\u00bb3_4&Prime; specialty_columns=\u00a0\u00bb3&Prime; _builder_version=\u00a0\u00bb4.16&Prime; custom_padding=\u00a0\u00bb|||\u00a0\u00bb global_colors_info=\u00a0\u00bb{}\u00a0\u00bb custom_padding__hover=\u00a0\u00bb|||\u00a0\u00bb][et_pb_row_inner _builder_version=\u00a0\u00bb4.23.4&Prime; custom_margin=\u00a0\u00bb-55px||||false|false\u00a0\u00bb global_colors_info=\u00a0\u00bb{}\u00a0\u00bb][et_pb_column_inner saved_specialty_column_type=\u00a0\u00bb3_4&Prime; _builder_version=\u00a0\u00bb4.16&Prime; global_colors_info=\u00a0\u00bb{}\u00a0\u00bb][et_pb_text _builder_version=\u00a0\u00bb4.23.4&Prime; header_text_align=\u00a0\u00bbcenter\u00a0\u00bb header_font_size=\u00a0\u00bb18px\u00a0\u00bb header_2_font=\u00a0\u00bbRoboto Condensed|700||on|||||\u00a0\u00bb header_2_font_size=\u00a0\u00bb80px\u00a0\u00bb header_2_line_height=\u00a0\u00bb1.1em\u00a0\u00bb hover_enabled=\u00a0\u00bb0&Prime; header_font_size_tablet=\u00a0\u00bb18px\u00a0\u00bb header_font_size_phone=\u00a0\u00bb18px\u00a0\u00bb header_font_size_last_edited=\u00a0\u00bbon|desktop\u00a0\u00bb header_2_font_size_tablet=\u00a0\u00bb50px\u00a0\u00bb header_2_font_size_phone=\u00a0\u00bb30px\u00a0\u00bb header_2_font_size_last_edited=\u00a0\u00bbon|phone\u00a0\u00bb locked=\u00a0\u00bboff\u00a0\u00bb global_colors_info=\u00a0\u00bb{}\u00a0\u00bb content_last_edited=\u00a0\u00bbon|phone\u00a0\u00bb content_phone=\u00a0\u00bb<\/p>\n<h2 style=%22text-align: center;%22>Descriptif<\/h2>\n<p>\u00a0\u00bb sticky_enabled=\u00a0\u00bb0&Prime; content_tablet=\u00a0\u00bb<\/p>\n<h2>Descriptif<\/h2>\n<p>\u00ab\u00a0]<\/p>\n<h2>Descriptif<\/h2>\n<p>[\/et_pb_text][et_pb_text _builder_version=\u00a0\u00bb4.23.4&Prime; text_font=\u00a0\u00bbLora||||||||\u00a0\u00bb text_text_color=\u00a0\u00bb#676879&Prime; text_font_size=\u00a0\u00bb18px\u00a0\u00bb text_line_height=\u00a0\u00bb2em\u00a0\u00bb link_font=\u00a0\u00bb||||on||||\u00a0\u00bb link_text_color=\u00a0\u00bb#fc3f3f\u00a0\u00bb header_font_size=\u00a0\u00bb22px\u00a0\u00bb text_orientation=\u00a0\u00bbjustified\u00a0\u00bb text_font_size_tablet=\u00a0\u00bb15px\u00a0\u00bb text_font_size_phone=\u00a0\u00bb14px\u00a0\u00bb text_font_size_last_edited=\u00a0\u00bbon|phone\u00a0\u00bb locked=\u00a0\u00bboff\u00a0\u00bb global_colors_info=\u00a0\u00bb{}\u00a0\u00bb]<\/p>\n<p>Au Burkina Faso, les chocs climatiques, les difficult\u00e9s d\u2019acc\u00e8s aux facteurs de production et la crise s\u00e9curitaire avec son corollaire de d\u00e9placements forc\u00e9s et pr\u00e9cipit\u00e9s des populations qui aggravent la vuln\u00e9rabilit\u00e9 des populations. Ainsi la crise actuelle n\u2019a pas seulement provoqu\u00e9 un besoin humanitaire pressant, mais a frein\u00e9 aussi le d\u00e9veloppement, contribuant \u00e0 la d\u00e9gradation et \u00e0 l\u2019incapacit\u00e9 d\u2019acc\u00e8s aux services sociaux de base. Afin, d\u2019apporter une solution \u00e0 m\u00eame de contribuer \u00e0 r\u00e9duire la vuln\u00e9rabilit\u00e9 des populations faces aux chocs climatiques dans cette r\u00e9gion \u00e0 fort d\u00e9fi s\u00e9curitaire, Oxfam et son partenaire local DevSo ont planifi\u00e9 avec les acteurs qui s\u2019appuient sur le nexus humanitaire-d\u00e9veloppement-paix en vue de renforcer la r\u00e9silience des m\u00e9nages vuln\u00e9rables dans deux communes de la province du Yatenga<\/p>\n<p>Le projet vise \u00e0 promouvoir la stabilisation \u00e9conomique, politique et sociale et la r\u00e9silience des communaut\u00e9s des zones de Koro et Yoro (Mali) et Ouahigouya et de Oula (Burkina Faso), et de favoriser la r\u00e9solution locale des conflits au regard des ressources.<\/p>\n<p>Le montage institutionnel du projet pr\u00e9voit la contractualisation avec des organisations au niveau national et local qui seront parties prenantes de la mise en \u0153uvre des activit\u00e9s.<\/p>\n<p>C\u2019est \u00e0 cet effet que l\u2019Association D\u00e9veloppement Solidaire Durable (DEVSO) a \u00e9t\u00e9 s\u00e9lectionn\u00e9e comme partenaire de mise en \u0153uvre du projet dans la zone d\u2019intervention<\/p>\n<p>[\/et_pb_text][\/et_pb_column_inner][\/et_pb_row_inner][et_pb_row_inner _builder_version=\u00a0\u00bb4.23.4&Prime; custom_margin=\u00a0\u00bb0px||||false|false\u00a0\u00bb global_colors_info=\u00a0\u00bb{}\u00a0\u00bb][et_pb_column_inner saved_specialty_column_type=\u00a0\u00bb3_4&Prime; _builder_version=\u00a0\u00bb4.16&Prime; global_colors_info=\u00a0\u00bb{}\u00a0\u00bb][et_pb_text _builder_version=\u00a0\u00bb4.23.4&Prime; header_2_font=\u00a0\u00bbRoboto Condensed|700||on|||||\u00a0\u00bb header_2_font_size=\u00a0\u00bb80px\u00a0\u00bb header_2_line_height=\u00a0\u00bb1.1em\u00a0\u00bb hover_enabled=\u00a0\u00bb0&Prime; header_2_font_size_tablet=\u00a0\u00bb50px\u00a0\u00bb header_2_font_size_phone=\u00a0\u00bb30px\u00a0\u00bb header_2_font_size_last_edited=\u00a0\u00bbon|phone\u00a0\u00bb locked=\u00a0\u00bboff\u00a0\u00bb global_colors_info=\u00a0\u00bb{}\u00a0\u00bb content_last_edited=\u00a0\u00bbon|phone\u00a0\u00bb content_phone=\u00a0\u00bb<\/p>\n<h2 style=%22text-align: center;%22>R\u00e9alisation<\/h2>\n<p>\u00a0\u00bb sticky_enabled=\u00a0\u00bb0&Prime; content_tablet=\u00a0\u00bb<\/p>\n<h2>R\u00e9alisation<\/h2>\n<p>\u00ab\u00a0]<\/p>\n<h2>R\u00e9alisation<\/h2>\n<p>[\/et_pb_text][et_pb_text _builder_version=\u00a0\u00bb4.23.4&Prime; text_font=\u00a0\u00bbLora||||||||\u00a0\u00bb text_text_color=\u00a0\u00bb#676879&Prime; text_font_size=\u00a0\u00bb18px\u00a0\u00bb text_line_height=\u00a0\u00bb2em\u00a0\u00bb link_font=\u00a0\u00bb||||on||||\u00a0\u00bb link_text_color=\u00a0\u00bb#fc3f3f\u00a0\u00bb header_font_size=\u00a0\u00bb22px\u00a0\u00bb text_orientation=\u00a0\u00bbjustified\u00a0\u00bb text_font_size_tablet=\u00a0\u00bb15px\u00a0\u00bb text_font_size_phone=\u00a0\u00bb14px\u00a0\u00bb text_font_size_last_edited=\u00a0\u00bbon|phone\u00a0\u00bb locked=\u00a0\u00bboff\u00a0\u00bb global_colors_info=\u00a0\u00bb{}\u00a0\u00bb]<\/p>\n<p>Le partenaire s\u2019engage, avec tout le soin, l\u2019efficacit\u00e9 et la diligence requises, selon les meilleures pratiques professionnelles, \u00e0 organiser les actions suivantes qui vise une r\u00e9duction des incidents communautaires, une am\u00e9lioration de la r\u00e9silience des communaut\u00e9s en s\u00e9curit\u00e9 alimentaire et changements climatiques pour un renforcement de la stabilisation dans cette zone et une confiance am\u00e9lior\u00e9e dans les structures \u00e9tatiques\u00a0:<\/p>\n<p>\u00a0<strong>Effets du projet<\/strong><\/p>\n<p><strong>Effet 1 &#8211;<\/strong> Dynamisation \u00e9conomique : Les infrastructures communautaires \u00e9conomiques construites dynamisent les march\u00e9s et le commerce de produits locaux \u2192 Augmentation du chiffre d\u2019affaires des femmes de 8% annuel des deux communes b\u00e9n\u00e9ficiaires des infrastructures hydrauliques<\/p>\n<p><strong>Effet 2<\/strong> \u2013 Accroissement des capacit\u00e9s de r\u00e9alisation, gestion et d\u2019investissements des communes : Renforcement des capacit\u00e9s de gestion communautaire des infrastructures et ressources naturelles, en particulier les autorit\u00e9s locales, les femmes et les jeunes, et contribue au renforcement du dialogue social ainsi qu\u2019\u00e0 une meilleure gestion et r\u00e9duction des conflits locaux.<\/p>\n<p><strong>Effet 3 &#8211;<\/strong> Dynamisation de l\u2019entreprenariat local et valorisation des mat\u00e9riaux locaux : L\u2019entreprenariat local (artisans, petites et moyennes entreprises locales) offre des emplois et g\u00e9n\u00e8re des revenus gr\u00e2ces aux infrastructures mise en place et la valorisation du potentiels locaux (mat\u00e9riaux locaux et \u00e9nergies vertes) \u2192 accompagnement de 20 groupements et 120 personnes \u00e0 d\u00e9velopper et stabiliser leurs activit\u00e9s g\u00e9n\u00e9ratrices de revenus cr\u00e9ation directe d\u2019emplois locaux temporaires par la r\u00e9alisation des infrastructures.<\/p>\n<p>\u00a0Une campagne de sensibilisation sur la th\u00e9matique \u00ab pr\u00e9vention et des gestions des conflits, des ressources naturelles et les risques de catastrophe \u00bb et \u00e0 collecter les donn\u00e9es sur l\u2019exposition des populations \u00e0 ces risques de m\u00eame que les solutions endog\u00e8nes pour y faire face dans les zones susmentionn\u00e9es.<\/p>\n<p>Le partenaire terrain est astreint \u00e0 une obligation de r\u00e9sultat. Il devra notamment mobiliser les ressources humaines comp\u00e9tentes et les moyens mat\u00e9riels n\u00e9cessaires \u00e0 l\u2019ex\u00e9cution de la t\u00e2che, pour atteindre les objectifs \u00e9num\u00e9r\u00e9s dans la pr\u00e9sente convention.<\/p>\n<p>[\/et_pb_text][\/et_pb_column_inner][\/et_pb_row_inner][\/et_pb_column][\/et_pb_section][et_pb_section fb_built=\u00a0\u00bb1&Prime; admin_label=\u00a0\u00bbContact\u00a0\u00bb _builder_version=\u00a0\u00bb4.23.4&Prime; background_color=\u00a0\u00bbgcid-7676aab4-e54e-4580-8139-2d530ceb029d\u00a0\u00bb custom_padding=\u00a0\u00bb59px|0px|100px|0px||\u00a0\u00bb hover_enabled=\u00a0\u00bb0&Prime; global_colors_info=\u00a0\u00bb{%22gcid-7676aab4-e54e-4580-8139-2d530ceb029d%22:%91%22background_color%22%93}\u00a0\u00bb min_height_last_edited=\u00a0\u00bbon|phone\u00a0\u00bb height_last_edited=\u00a0\u00bbon|phone\u00a0\u00bb max_height_last_edited=\u00a0\u00bbon|phone\u00a0\u00bb height_phone=\u00a0\u00bb605px\u00a0\u00bb max_height_phone=\u00a0\u00bb605px\u00a0\u00bb sticky_enabled=\u00a0\u00bb0&Prime;][et_pb_row _builder_version=\u00a0\u00bb4.23.4&Prime; transform_scale=\u00a0\u00bb102%|102%\u00a0\u00bb transform_translate=\u00a0\u00bb214px|4px\u00a0\u00bb hover_enabled=\u00a0\u00bb0&Prime; global_colors_info=\u00a0\u00bb{}\u00a0\u00bb transform_styles_last_edited=\u00a0\u00bbon|phone\u00a0\u00bb transform_scale_last_edited=\u00a0\u00bbon|phone\u00a0\u00bb transform_translate_last_edited=\u00a0\u00bbon|phone\u00a0\u00bb transform_rotate_last_edited=\u00a0\u00bbon|phone\u00a0\u00bb transform_skew_last_edited=\u00a0\u00bbon|phone\u00a0\u00bb transform_origin_last_edited=\u00a0\u00bbon|phone\u00a0\u00bb transform_translate_phone=\u00a0\u00bb76px|12px\u00a0\u00bb sticky_enabled=\u00a0\u00bb0&Prime; transform_scale_tablet=\u00a0\u00bb102%|102%\u00a0\u00bb transform_scale_phone=\u00a0\u00bb102%|102%\u00a0\u00bb transform_translate_tablet=\u00a0\u00bb214px|4px\u00a0\u00bb][et_pb_column type=\u00a0\u00bb4_4&Prime; _builder_version=\u00a0\u00bb4.16&Prime; custom_padding=\u00a0\u00bb|||\u00a0\u00bb global_colors_info=\u00a0\u00bb{}\u00a0\u00bb custom_padding__hover=\u00a0\u00bb|||\u00a0\u00bb][et_pb_text _builder_version=\u00a0\u00bb4.23.4&Prime; text_font=\u00a0\u00bbKarla||||||||\u00a0\u00bb text_text_color=\u00a0\u00bb#000000&Prime; text_font_size=\u00a0\u00bb18px\u00a0\u00bb text_line_height=\u00a0\u00bb1.8em\u00a0\u00bb header_font=\u00a0\u00bb||||||||\u00a0\u00bb header_2_font=\u00a0\u00bbCormorant Garamond||||||||\u00a0\u00bb header_2_font_size=\u00a0\u00bb40px\u00a0\u00bb header_2_line_height=\u00a0\u00bb1.4em\u00a0\u00bb header_3_font=\u00a0\u00bb||||||||\u00a0\u00bb max_width=\u00a0\u00bb600px\u00a0\u00bb custom_padding=\u00a0\u00bb||0px|||\u00a0\u00bb locked=\u00a0\u00bboff\u00a0\u00bb global_colors_info=\u00a0\u00bb{}\u00a0\u00bb transform_styles_last_edited=\u00a0\u00bbon|phone\u00a0\u00bb transform_scale_last_edited=\u00a0\u00bbon|phone\u00a0\u00bb transform_translate_last_edited=\u00a0\u00bbon|phone\u00a0\u00bb transform_rotate_last_edited=\u00a0\u00bbon|phone\u00a0\u00bb transform_skew_last_edited=\u00a0\u00bbon|phone\u00a0\u00bb transform_origin_last_edited=\u00a0\u00bbon|phone\u00a0\u00bb transform_translate_phone=\u00a0\u00bb-74px|-47px\u00a0\u00bb]<\/p>\n<h2 style=\"text-align: center;\">B\u00e2tissons un monde meilleur!<\/h2>\n<p style=\"text-align: center;\">B\u00e2tissons ensemble un monde o\u00f9 la compassion est la norme, o\u00f9 personne n&rsquo;est laiss\u00e9 pour compte, et o\u00f9 chaque individu a l&rsquo;opportunit\u00e9 de r\u00e9aliser son plein potentiel.<\/p>\n<p style=\"text-align: center;\">Pour soutenir notre cause et participer \u00e0 cette aventure vers un monde meilleur, contactez nous.<\/p>\n<p>[\/et_pb_text][et_pb_button button_url=\u00a0\u00bb@ET-DC@eyJkeW5hbWljIjp0cnVlLCJjb250ZW50IjoicG9zdF9saW5rX3VybF9wYWdlIiwic2V0dGluZ3MiOnsicG9zdF9pZCI6IjM4In19@\u00a0\u00bb button_text=\u00a0\u00bbContact\u00a0\u00bb _builder_version=\u00a0\u00bb4.23.4&Prime; _dynamic_attributes=\u00a0\u00bbbutton_url\u00a0\u00bb _module_preset=\u00a0\u00bbdefault\u00a0\u00bb custom_button=\u00a0\u00bbon\u00a0\u00bb button_text_color=\u00a0\u00bb#000000&Prime; button_bg_color=\u00a0\u00bb#FFFFFF\u00a0\u00bb transform_translate=\u00a0\u00bb240px|0px\u00a0\u00bb animation_style=\u00a0\u00bbbounce\u00a0\u00bb hover_enabled=\u00a0\u00bb0&Prime; global_colors_info=\u00a0\u00bb{}\u00a0\u00bb transform_styles_last_edited=\u00a0\u00bbon|phone\u00a0\u00bb transform_scale_last_edited=\u00a0\u00bbon|phone\u00a0\u00bb transform_translate_last_edited=\u00a0\u00bbon|phone\u00a0\u00bb transform_rotate_last_edited=\u00a0\u00bbon|phone\u00a0\u00bb transform_skew_last_edited=\u00a0\u00bbon|phone\u00a0\u00bb transform_origin_last_edited=\u00a0\u00bbon|phone\u00a0\u00bb transform_translate_phone=\u00a0\u00bb35px|-16px\u00a0\u00bb sticky_enabled=\u00a0\u00bb0&Prime; transform_translate_linked_phone=\u00a0\u00bboff\u00a0\u00bb transform_translate_tablet=\u00a0\u00bb240px|0px\u00a0\u00bb][\/et_pb_button][\/et_pb_column][\/et_pb_row][\/et_pb_section]<\/p>\n","protected":false},"excerpt":{"rendered":"<p>Projet\u00ab Renforcement de la r\u00e9silience des communaut\u00e9s de la fronti\u00e8re Mali-Burkina pour la pr\u00e9vention des conflits et une meilleure gestion des ressources naturelles \u00bbClient Oxfam, financ\u00e9 par la Fondation PATRIPDate de d\u00e9but Janvier 2022Date de fin D\u00e9cembre 2023Dur\u00e9e 24 MoisLieu R\u00e9gion du Nord, les communes de Ouahigouya et de OulaValeur approximative des services 213 331 [&hellip;]<\/p>\n","protected":false},"author":1,"featured_media":0,"comment_status":"open","ping_status":"closed","template":"","meta":{"_et_pb_use_builder":"on","_et_pb_old_content":"","_et_gb_content_width":"","footnotes":""},"project_category":[],"project_tag":[],"class_list":["post-111","project","type-project","status-publish","hentry"],"_links":{"self":[{"href":"https:\/\/devso-burkina.org\/index.php?rest_route=\/wp\/v2\/project\/111","targetHints":{"allow":["GET"]}}],"collection":[{"href":"https:\/\/devso-burkina.org\/index.php?rest_route=\/wp\/v2\/project"}],"about":[{"href":"https:\/\/devso-burkina.org\/index.php?rest_route=\/wp\/v2\/types\/project"}],"author":[{"embeddable":true,"href":"https:\/\/devso-burkina.org\/index.php?rest_route=\/wp\/v2\/users\/1"}],"replies":[{"embeddable":true,"href":"https:\/\/devso-burkina.org\/index.php?rest_route=%2Fwp%2Fv2%2Fcomments&post=111"}],"version-history":[{"count":11,"href":"https:\/\/devso-burkina.org\/index.php?rest_route=\/wp\/v2\/project\/111\/revisions"}],"predecessor-version":[{"id":195,"href":"https:\/\/devso-burkina.org\/index.php?rest_route=\/wp\/v2\/project\/111\/revisions\/195"}],"wp:attachment":[{"href":"https:\/\/devso-burkina.org\/index.php?rest_route=%2Fwp%2Fv2%2Fmedia&parent=111"}],"wp:term":[{"taxonomy":"project_category","embeddable":true,"href":"https:\/\/devso-burkina.org\/index.php?rest_route=%2Fwp%2Fv2%2Fproject_category&post=111"},{"taxonomy":"project_tag","embeddable":true,"href":"https:\/\/devso-burkina.org\/index.php?rest_route=%2Fwp%2Fv2%2Fproject_tag&post=111"}],"curies":[{"name":"wp","href":"https:\/\/api.w.org\/{rel}","templated":true}]}}